{"id":9,"date":"2015-12-02T10:51:51","date_gmt":"2015-12-02T10:51:51","guid":{"rendered":"http:\/\/theme-fusion.com\/avada\/university\/?page_id=9"},"modified":"2025-03-06T05:54:28","modified_gmt":"2025-03-06T05:54:28","slug":"quienes_somos","status":"publish","type":"page","link":"https:\/\/ocq.mx\/en\/quienes_somos\/","title":{"rendered":"Who we are"},"content":{"rendered":"<p><div class=\"fusion-fullwidth fullwidth-box fusion-builder-row-1 nonhundred-percent-fullwidth non-hundred-percent-height-scrolling\" style=\"--awb-background-position:left top;--awb-border-radius-top-left:0px;--awb-border-radius-top-right:0px;--awb-border-radius-bottom-right:0px;--awb-border-radius-bottom-left:0px;--awb-padding-top:90px;--awb-padding-bottom:50px;--awb-border-sizes-top:0px;--awb-border-sizes-bottom:0px;--awb-flex-wrap:wrap;\" ><div class=\"fusion-builder-row fusion-row\"><div class=\"fusion-layout-column fusion_builder_column fusion-builder-column-0 fusion_builder_column_1_6 1_6 fusion-one-sixth fusion-column-first fusion-no-small-visibility\" style=\"--awb-bg-size:cover;width:13.3333%; margin-right: 4%;\"><div class=\"fusion-column-wrapper fusion-flex-column-wrapper-legacy\"><div class=\"fusion-clearfix\"><\/div><\/div><\/div><div class=\"fusion-layout-column fusion_builder_column fusion-builder-column-1 fusion_builder_column_2_3 2_3 fusion-two-third\" style=\"--awb-bg-size:cover;--awb-margin-bottom:30px;width:65.3333%; margin-right: 4%;\"><div class=\"fusion-column-wrapper fusion-flex-column-wrapper-legacy\"><div class=\"fusion-text fusion-text-1\"><h2 style=\"text-align: center;\">Who we are<\/h2>\n<\/div><div class=\"fusion-sep-clear\"><\/div><div class=\"fusion-separator\" style=\"margin-left: auto;margin-right: auto;margin-top:15px;margin-bottom:35px;width:100%;max-width:170px;\"><div class=\"fusion-separator-border sep-single sep-solid\" style=\"--awb-height:20px;--awb-amount:20px;--awb-sep-color:#ff0045;border-color:#ff0045;border-top-width:1px;\"><\/div><\/div><div class=\"fusion-sep-clear\"><\/div><div class=\"fusion-text fusion-text-2\"><p style=\"text-align: center;\"><span style=\"font-weight: 400;\">Somos una comunidad de ciudadanos y ciudadanas conformada por 9 universidades, 4 c\u00e1maras empresariales y sociedad civil organizada. Trabajamos en conjunto para incidir de manera proactiva y positiva en temas p\u00fablicos en el estado de Quer\u00e9taro.<\/span><\/p>\n<\/div><div class=\"fusion-sep-clear\"><\/div><div class=\"fusion-separator fusion-full-width-sep\" style=\"margin-left: auto;margin-right: auto;margin-top:35px;width:100%;\"><\/div><div class=\"fusion-sep-clear\"><\/div><div class=\"fusion-clearfix\"><\/div><\/div><\/div><div class=\"fusion-layout-column fusion_builder_column fusion-builder-column-2 fusion_builder_column_1_6 1_6 fusion-one-sixth fusion-column-last fusion-no-small-visibility\" style=\"--awb-bg-size:cover;width:13.3333%;\"><div class=\"fusion-column-wrapper fusion-flex-column-wrapper-legacy\"><div class=\"fusion-sep-clear\"><\/div><div class=\"fusion-separator fusion-full-width-sep\" style=\"margin-left: auto;margin-right: auto;margin-top:20px;width:100%;\"><\/div><div class=\"fusion-sep-clear\"><\/div><div class=\"fusion-clearfix\"><\/div><\/div><\/div><\/div><\/div><div class=\"fusion-fullwidth fullwidth-box fusion-builder-row-2 nonhundred-percent-fullwidth non-hundred-percent-height-scrolling\" style=\"--awb-border-radius-top-left:0px;--awb-border-radius-top-right:0px;--awb-border-radius-bottom-right:0px;--awb-border-radius-bottom-left:0px;--awb-flex-wrap:wrap;\" ><div class=\"fusion-builder-row fusion-row\"><div class=\"fusion-layout-column fusion_builder_column fusion-builder-column-3 fusion_builder_column_1_6 1_6 fusion-one-sixth fusion-column-first fusion-column-inner-bg-wrapper\" style=\"--awb-padding-top:2%;--awb-padding-bottom:2%;--awb-inner-bg-size:cover;--awb-margin-top:0px;--awb-margin-bottom:0px;width:16.666666666667%;width:calc(16.666666666667% - ( ( 0px + 0px ) * 0.16666666666667 ) );margin-right: 0px;\"><span class=\"fusion-column-inner-bg hover-type-zoomin\"><span class=\"fusion-column-anchor\" rel=\"noopener noreferrer\" target=\"_blank\"><span class=\"fusion-column-inner-bg-image\"><\/span><\/span><\/span><div class=\"fusion-column-wrapper fusion-flex-column-wrapper-legacy\"><div class=\"fusion-clearfix\"><\/div><\/div><\/div><div class=\"fusion-layout-column fusion_builder_column fusion-builder-column-4 fusion_builder_column_2_3 2_3 fusion-two-third fusion-column-inner-bg-wrapper\" style=\"--awb-padding-top:2%;--awb-padding-bottom:2%;--awb-inner-bg-size:cover;--awb-margin-top:0px;--awb-margin-bottom:0px;width:66.666666666667%;width:calc(66.666666666667% - ( ( 0px + 0px ) * 0.66666666666667 ) );margin-right: 0px;\"><span class=\"fusion-column-inner-bg hover-type-zoomin\"><span class=\"fusion-column-anchor\" rel=\"noopener noreferrer\" target=\"_blank\"><span class=\"fusion-column-inner-bg-image\"><\/span><\/span><\/span><div class=\"fusion-column-wrapper fusion-flex-column-wrapper-legacy\"><div class=\"fusion-text fusion-text-3\"><h3 style=\"text-align: center;\">Presidenta<\/h3>\n<\/div><div class=\"fusion-sep-clear\"><\/div><div class=\"fusion-separator\" style=\"margin-left: auto;margin-right: auto;margin-top:15px;margin-bottom:35px;width:100%;max-width:170px;\"><div class=\"fusion-separator-border sep-single sep-solid\" style=\"--awb-height:20px;--awb-amount:20px;--awb-sep-color:#ff0045;border-color:#ff0045;border-top-width:1px;\"><\/div><\/div><div class=\"fusion-sep-clear\"><\/div><div class=\"fusion-image-element fusion-image-align-center in-legacy-container\" style=\"text-align:center;--awb-caption-title-font-family:var(--h2_typography-font-family);--awb-caption-title-font-weight:var(--h2_typography-font-weight);--awb-caption-title-font-style:var(--h2_typography-font-style);--awb-caption-title-size:var(--h2_typography-font-size);--awb-caption-title-transform:var(--h2_typography-text-transform);--awb-caption-title-line-height:var(--h2_typography-line-height);--awb-caption-title-letter-spacing:var(--h2_typography-letter-spacing);\"><div class=\"imageframe-align-center\"><span class=\"fusion-imageframe imageframe-none imageframe-1 hover-type-none\"><img decoding=\"async\" width=\"300\" height=\"300\" title=\"yamile\" src=\"http:\/\/ocq.mx\/wp-content\/uploads\/2022\/09\/yamile.jpg\" alt class=\"img-responsive wp-image-2594\" srcset=\"https:\/\/ocq.mx\/wp-content\/uploads\/2022\/09\/yamile-200x200.jpg 200w, https:\/\/ocq.mx\/wp-content\/uploads\/2022\/09\/yamile.jpg 300w\" sizes=\"(max-width: 1000px) 100vw, 300px\" \/><\/span><\/div><\/div><div class=\"fusion-text fusion-text-4\"><h4 style=\"text-align: center;\"><span style=\"color: #333c4e;\">Yamile David\u00a0<\/span><\/h4>\n<p style=\"text-align: center;\">Empresaria y activista.<\/p>\n<\/div><div class=\"fusion-text fusion-text-5\"><p><span style=\"font-weight: 400;\">Propietaria de la agencia Meeting Planner enfocada a turismo de reuniones.<\/span><\/p>\n<p><span style=\"font-weight: 400;\">Tiene estudios de Licenciatura en Comercio Internacional por la Universidad Contempor\u00e1nea; especialidad en Mercadotecnia y Pol\u00edticas P\u00fablicas por el Tecnol\u00f3gico de Monterrey; Gobernabilidad y Pol\u00edticas P\u00fablicas por la Universidad de Georgetown en colaboraci\u00f3n con la Universidad Aut\u00f3noma de Quer\u00e9taro; as\u00ed como un diplomado en Administraci\u00f3n y Desarrollo de Turismo para los pa\u00edses Latinoamericanos, llevado a cabo en la ciudad de Beijing, y un diplomado en Desarrollo de Turismo en los pa\u00edses Espa\u00f1oles, llevado a cabo en la ciudad de Hainan, ambos impartidos por el Ministerio de Comercio de la Rep\u00fablica Popular China.<\/span><\/p>\n<p><span style=\"font-weight: 400;\">En 2015 funda el Observatorio Ciudadano de Quer\u00e9taro (OCQ), logrando la vinculaci\u00f3n entre la academia, la iniciativa privada y la sociedad civil con el objetivo de fomentar la participaci\u00f3n ciudadana en temas p\u00fablicos y construir mejores gobiernos y una mejor ciudadan\u00eda.<\/span><\/p>\n<p><span style=\"font-weight: 400;\">Ha participado como conferencista en diferentes foros sobre democracia, participaci\u00f3n ciudadana y desarrollo econ\u00f3mico en M\u00e9xico y sobre desarrollo de turismo en Uruguay.<\/span><\/p>\n<p><span style=\"font-weight: 400;\">Participo en el taller \u201cUrban Safety Governance Audit Tool\u201d llevada a cabo en las oficinas de la Organizaci\u00f3n de las Naciones Unidas en Viena, como parte del equipo para desarrollar una herramienta de diagn\u00f3stico de seguridad mundial.<\/span><\/p>\n<p><span style=\"font-weight: 400;\">Actualmente funge como Consejera Ciudadana del eje 6 del Comit\u00e9 de Transparencia y Rendici\u00f3n de Cuentas del Municipio de Quer\u00e9taro, y preside la Comisi\u00f3n Permanente del Consejo de Participaci\u00f3n Ciudadana Tem\u00e1tico Desarrollo Social del Estado de Quer\u00e9taro.<\/span><\/p>\n<\/div><div class=\"fusion-text fusion-text-6\"><h3 style=\"text-align: center;\">Directora General<\/h3>\n<\/div><div class=\"fusion-sep-clear\"><\/div><div class=\"fusion-separator\" style=\"margin-left: auto;margin-right: auto;margin-top:15px;margin-bottom:35px;width:100%;max-width:170px;\"><div class=\"fusion-separator-border sep-single sep-solid\" style=\"--awb-height:20px;--awb-amount:20px;--awb-sep-color:#ff0045;border-color:#ff0045;border-top-width:1px;\"><\/div><\/div><div class=\"fusion-sep-clear\"><\/div><div class=\"fusion-image-element fusion-image-align-center in-legacy-container\" style=\"text-align:center;--awb-caption-title-font-family:var(--h2_typography-font-family);--awb-caption-title-font-weight:var(--h2_typography-font-weight);--awb-caption-title-font-style:var(--h2_typography-font-style);--awb-caption-title-size:var(--h2_typography-font-size);--awb-caption-title-transform:var(--h2_typography-text-transform);--awb-caption-title-line-height:var(--h2_typography-line-height);--awb-caption-title-letter-spacing:var(--h2_typography-letter-spacing);\"><div class=\"imageframe-align-center\"><span class=\"fusion-imageframe imageframe-none imageframe-2 hover-type-none\"><img decoding=\"async\" width=\"300\" height=\"300\" title=\"argelia\" src=\"http:\/\/ocq.mx\/wp-content\/uploads\/2022\/10\/argelia.jpg\" alt class=\"img-responsive wp-image-2617\" srcset=\"https:\/\/ocq.mx\/wp-content\/uploads\/2022\/10\/argelia-200x200.jpg 200w, https:\/\/ocq.mx\/wp-content\/uploads\/2022\/10\/argelia.jpg 300w\" sizes=\"(max-width: 1000px) 100vw, 300px\" \/><\/span><\/div><\/div><div class=\"fusion-text fusion-text-7\"><h4 style=\"text-align: center;\">Argelia Carrera<\/h4>\n<\/div><div class=\"fusion-text fusion-text-8\"><p class=\"m_-5973560700861479589MsoListParagraph\" style=\"text-align: justify;\">Especialista en Cultura de Paz y G\u00e9nero, con \u00e9nfasis en estudios sobre las mujeres y certificaciones de la Universidad de Chile, CLACSO, la Universidad Iberoamericana y Simon Fraser University. Tiene 18 a\u00f1os de experiencia desarrollando programas educativos en ambientes multiculturales diversos; ha colaborado en la creaci\u00f3n de proyectos con temas de Inclusi\u00f3n, Multiculturalidad y Ciudadan\u00eda en el Estado de Quer\u00e9taro; adem\u00e1s de proyectos educativos para la profesionalizaci\u00f3n de maestros a nivel Secundaria y Preparatoria en el Estado de M\u00e9xico; y ha fungido como eveluadora de proyectos sociales para distintas convocatorias p\u00fablicas dirigidas a organizaciones de la sociedad civil. Es Maestra en Ciencias Sociales con especialidad en Desarrollo Municipal por El Colegio Mexiquense A.C. (miembro de la red de colegios del COLMEX). Ha colaborado con diversas organizaciones de la sociedad civil nacionales e internacionales tales como Ministerios de Amor, Christian Foundation for Children &amp;amp; Aging, Pro Ni\u00f1os de M\u00e9xico y Techo. Adem\u00e1s, ha impartido conferencias para Universidades como Southern Illinois, la Universidad Estatal de Pensilvana (Pen State Collage), la Universidad de Yale, la Universidad de<br \/>\nHarvard y el Instituto Tecnol\u00f3gico de Massachusetts (MIT); y para empresas como Pro Futuro, BMW, Santander, y Harman. Adicionalmente cuenta con 15 a\u00f1os de experiencia como l\u00edder en administraci\u00f3n educativa con universidades privadas. Actualmente est\u00e1 estudiando el Doctorado en Teor\u00eda Cr\u00edtica con especialidad en G\u00e9nero y Pensamiento Pol\u00edtico.<\/p>\n<\/div><div class=\"fusion-clearfix\"><\/div><\/div><\/div><div class=\"fusion-layout-column fusion_builder_column fusion-builder-column-5 fusion_builder_column_1_6 1_6 fusion-one-sixth fusion-column-last fusion-column-inner-bg-wrapper\" style=\"--awb-padding-top:2%;--awb-padding-bottom:2%;--awb-inner-bg-size:cover;--awb-margin-top:0px;--awb-margin-bottom:0px;width:16.666666666667%;width:calc(16.666666666667% - ( ( 0px + 0px ) * 0.16666666666667 ) );\"><span class=\"fusion-column-inner-bg hover-type-zoomin\"><span class=\"fusion-column-anchor\" rel=\"noopener noreferrer\" target=\"_blank\"><span class=\"fusion-column-inner-bg-image\"><\/span><\/span><\/span><div class=\"fusion-column-wrapper fusion-flex-column-wrapper-legacy\"><div class=\"fusion-clearfix\"><\/div><\/div><\/div><\/div><\/div><div class=\"fusion-fullwidth fullwidth-box fusion-builder-row-3 nonhundred-percent-fullwidth non-hundred-percent-height-scrolling\" style=\"--awb-border-radius-top-left:0px;--awb-border-radius-top-right:0px;--awb-border-radius-bottom-right:0px;--awb-border-radius-bottom-left:0px;--awb-flex-wrap:wrap;\" ><div class=\"fusion-builder-row fusion-row\"><div class=\"fusion-layout-column fusion_builder_column fusion-builder-column-6 fusion_builder_column_1_6 1_6 fusion-one-sixth fusion-column-first\" style=\"--awb-bg-size:cover;width:16.666666666667%;width:calc(16.666666666667% - ( ( 4% + 4% ) * 0.16666666666667 ) );margin-right: 4%;\"><div class=\"fusion-column-wrapper fusion-flex-column-wrapper-legacy\"><div class=\"fusion-clearfix\"><\/div><\/div><\/div><div class=\"fusion-layout-column fusion_builder_column fusion-builder-column-7 fusion_builder_column_2_3 2_3 fusion-two-third\" style=\"--awb-bg-size:cover;width:66.666666666667%;width:calc(66.666666666667% - ( ( 4% + 4% ) * 0.66666666666667 ) );margin-right: 4%;\"><div class=\"fusion-column-wrapper fusion-flex-column-wrapper-legacy\"><div class=\"fusion-text fusion-text-9\"><h3 style=\"text-align: center;\">Consejero de An\u00e1lisis y Evaluaci\u00f3n<\/h3>\n<\/div><div class=\"fusion-sep-clear\"><\/div><div class=\"fusion-separator\" style=\"margin-left: auto;margin-right: auto;margin-top:15px;margin-bottom:35px;width:100%;max-width:170px;\"><div class=\"fusion-separator-border sep-single sep-solid\" style=\"--awb-height:20px;--awb-amount:20px;--awb-sep-color:#ff0045;border-color:#ff0045;border-top-width:1px;\"><\/div><\/div><div class=\"fusion-sep-clear\"><\/div><div class=\"fusion-clearfix\"><\/div><\/div><\/div><div class=\"fusion-layout-column fusion_builder_column fusion-builder-column-8 fusion_builder_column_1_6 1_6 fusion-one-sixth fusion-column-last\" style=\"--awb-bg-size:cover;width:16.666666666667%;width:calc(16.666666666667% - ( ( 4% + 4% ) * 0.16666666666667 ) );\"><div class=\"fusion-column-wrapper fusion-flex-column-wrapper-legacy\"><div class=\"fusion-clearfix\"><\/div><\/div><\/div><div class=\"fusion-layout-column fusion_builder_column fusion-builder-column-9 fusion_builder_column_1_6 1_6 fusion-one-sixth fusion-column-first fusion-column-inner-bg-wrapper\" style=\"--awb-padding-top:2%;--awb-padding-right:10px;--awb-padding-bottom:2%;--awb-padding-left:10px;--awb-inner-bg-size:cover;--awb-margin-top:0px;--awb-margin-bottom:0px;width:16.666666666667%;width:calc(16.666666666667% - ( ( 0px + 0px ) * 0.16666666666667 ) );margin-right: 0px;\"><span class=\"fusion-column-inner-bg hover-type-zoomin\"><span class=\"fusion-column-anchor\" rel=\"noopener noreferrer\" target=\"_blank\"><span class=\"fusion-column-inner-bg-image\"><\/span><\/span><\/span><div class=\"fusion-column-wrapper fusion-flex-column-wrapper-legacy\"><div class=\"fusion-clearfix\"><\/div><\/div><\/div><div class=\"fusion-layout-column fusion_builder_column fusion-builder-column-10 fusion_builder_column_2_3 2_3 fusion-two-third fusion-column-inner-bg-wrapper\" style=\"--awb-padding-top:2%;--awb-padding-right:10px;--awb-padding-bottom:2%;--awb-padding-left:10px;--awb-inner-bg-size:cover;--awb-margin-top:0px;--awb-margin-bottom:0px;width:66.666666666667%;width:calc(66.666666666667% - ( ( 0px + 0px ) * 0.66666666666667 ) );margin-right: 0px;\"><span class=\"fusion-column-inner-bg hover-type-zoomin\"><span class=\"fusion-column-anchor\" rel=\"noopener noreferrer\" target=\"_blank\"><span class=\"fusion-column-inner-bg-image\"><\/span><\/span><\/span><div class=\"fusion-column-wrapper fusion-flex-column-wrapper-legacy\"><div class=\"fusion-image-element fusion-image-align-center in-legacy-container\" style=\"text-align:center;--awb-caption-title-font-family:var(--h2_typography-font-family);--awb-caption-title-font-weight:var(--h2_typography-font-weight);--awb-caption-title-font-style:var(--h2_typography-font-style);--awb-caption-title-size:var(--h2_typography-font-size);--awb-caption-title-transform:var(--h2_typography-text-transform);--awb-caption-title-line-height:var(--h2_typography-line-height);--awb-caption-title-letter-spacing:var(--h2_typography-letter-spacing);\"><div class=\"imageframe-align-center\"><span class=\"fusion-imageframe imageframe-none imageframe-3 hover-type-none\"><img decoding=\"async\" width=\"300\" height=\"300\" title=\"saul\" src=\"http:\/\/ocq.mx\/wp-content\/uploads\/2024\/12\/saul.jpg\" alt class=\"img-responsive wp-image-2967\" srcset=\"https:\/\/ocq.mx\/wp-content\/uploads\/2024\/12\/saul-200x200.jpg 200w, https:\/\/ocq.mx\/wp-content\/uploads\/2024\/12\/saul.jpg 300w\" sizes=\"(max-width: 1000px) 100vw, 300px\" \/><\/span><\/div><\/div><div class=\"fusion-text fusion-text-10\"><h4 style=\"text-align: center;\">Dr. Sa\u00fal Alfonso Esparza<\/h4>\n<\/div><div class=\"fusion-sep-clear\"><\/div><div class=\"fusion-separator\" style=\"margin-left: auto;margin-right: auto;margin-top:0px;margin-bottom:30px;width:100%;max-width:60px;\"><div class=\"fusion-separator-border sep-single sep-solid\" style=\"--awb-height:20px;--awb-amount:20px;--awb-sep-color:#ff0045;border-color:#ff0045;border-top-width:1px;\"><\/div><\/div><div class=\"fusion-sep-clear\"><\/div><div class=\"fusion-text fusion-text-11\"><p class=\"m_-8378004363420396992MsoListParagraph\">El Dr. Sa\u00fal Alfonso Esparza Rodr\u00edguez es un destacado acad\u00e9mico y profesional en el \u00e1mbito de la administraci\u00f3n y las ciencias sociales. Actualmente, se desempe\u00f1a como profesor en los programas de negocios de Arkansas State University, aportando su amplia experiencia internacional al desarrollo acad\u00e9mico de la instituci\u00f3n; asimismo, realiza un posdoctorado en la Facultad de Contadur\u00eda y Administraci\u00f3n de la Universidad Nacional Aut\u00f3noma de M\u00e9xico.<\/p>\n<p>Es Doctor en Administraci\u00f3n por la Universidad Michoacana de San Nicol\u00e1s de Hidalgo, Maestro en Administraci\u00f3n por el Instituto Tecnol\u00f3gico y de Estudios Superiores de Monterrey (ITESM) y Licenciado en Administraci\u00f3n por el Instituto Tecnol\u00f3gico de Morelia. Su s\u00f3lida formaci\u00f3n acad\u00e9mica se complementa con una destacada trayectoria como inventor, contando con patentes registradas en el Instituto Mexicano de la Propiedad Industrial (IMPI) y m\u00e1s de 20 derechos de autor registrados en el Instituto Nacional del Derecho de Autor (INDAUTOR).<\/p>\n<p>Entre sus publicaciones m\u00e1s relevantes se encuentra el libro \u201cSustainability, Stakeholders and Marketing in the Textile Sector: Conceptual and Practical Cases for the Americas\u201d, publicado en la prestigiosa editorial Springer, en donde aborda casos pr\u00e1cticos sobre la industria textil en el continente americano.<\/p>\n<p>Su compromiso con la investigaci\u00f3n y la docencia lo posiciona como un referente en su campo a nivel nacional e internacional, contribuyendo significativamente al avance del conocimiento en administraci\u00f3n y ciencias sociales.<\/p>\n<\/div><div class=\"fusion-clearfix\"><\/div><\/div><\/div><div class=\"fusion-layout-column fusion_builder_column fusion-builder-column-11 fusion_builder_column_1_6 1_6 fusion-one-sixth fusion-column-last fusion-column-inner-bg-wrapper\" style=\"--awb-padding-top:2%;--awb-padding-right:10px;--awb-padding-bottom:2%;--awb-padding-left:10px;--awb-inner-bg-size:cover;--awb-margin-top:0px;--awb-margin-bottom:0px;width:16.666666666667%;width:calc(16.666666666667% - ( ( 0px + 0px ) * 0.16666666666667 ) );\"><span class=\"fusion-column-inner-bg hover-type-zoomin\"><span class=\"fusion-column-anchor\" rel=\"noopener noreferrer\" target=\"_blank\"><span class=\"fusion-column-inner-bg-image\"><\/span><\/span><\/span><div class=\"fusion-column-wrapper fusion-flex-column-wrapper-legacy\"><div class=\"fusion-clearfix\"><\/div><\/div><\/div><\/div><\/div><div class=\"fusion-fullwidth fullwidth-box fusion-builder-row-4 nonhundred-percent-fullwidth non-hundred-percent-height-scrolling\" style=\"--awb-border-radius-top-left:0px;--awb-border-radius-top-right:0px;--awb-border-radius-bottom-right:0px;--awb-border-radius-bottom-left:0px;--awb-flex-wrap:wrap;\" ><div class=\"fusion-builder-row fusion-row\"><div class=\"fusion-layout-column fusion_builder_column fusion-builder-column-12 fusion_builder_column_1_6 1_6 fusion-one-sixth fusion-column-first\" style=\"--awb-bg-size:cover;width:16.666666666667%;width:calc(16.666666666667% - ( ( 4% + 0px ) * 0.16666666666667 ) );margin-right: 4%;\"><div class=\"fusion-column-wrapper fusion-flex-column-wrapper-legacy\"><div class=\"fusion-clearfix\"><\/div><\/div><\/div><div class=\"fusion-layout-column fusion_builder_column fusion-builder-column-13 fusion_builder_column_2_3 2_3 fusion-two-third fusion-column-inner-bg-wrapper\" style=\"--awb-padding-top:2%;--awb-padding-right:10px;--awb-padding-bottom:2%;--awb-padding-left:10px;--awb-inner-bg-size:cover;--awb-margin-top:0px;--awb-margin-bottom:0px;width:66.666666666667%;width:calc(66.666666666667% - ( ( 4% + 0px ) * 0.66666666666667 ) );margin-right: 0px;\"><span class=\"fusion-column-inner-bg hover-type-zoomin\"><span class=\"fusion-column-anchor\" rel=\"noopener noreferrer\" target=\"_blank\"><span class=\"fusion-column-inner-bg-image\"><\/span><\/span><\/span><div class=\"fusion-column-wrapper fusion-flex-column-wrapper-legacy\"><div class=\"fusion-image-element fusion-image-align-center in-legacy-container\" style=\"text-align:center;--awb-caption-title-font-family:var(--h2_typography-font-family);--awb-caption-title-font-weight:var(--h2_typography-font-weight);--awb-caption-title-font-style:var(--h2_typography-font-style);--awb-caption-title-size:var(--h2_typography-font-size);--awb-caption-title-transform:var(--h2_typography-text-transform);--awb-caption-title-line-height:var(--h2_typography-line-height);--awb-caption-title-letter-spacing:var(--h2_typography-letter-spacing);\"><div class=\"imageframe-align-center\"><span class=\"fusion-imageframe imageframe-none imageframe-4 hover-type-none\"><img decoding=\"async\" width=\"300\" height=\"300\" title=\"team1\" src=\"http:\/\/ocq.mx\/wp-content\/uploads\/2025\/01\/team1-1.png\" alt class=\"img-responsive wp-image-3030\" srcset=\"https:\/\/ocq.mx\/wp-content\/uploads\/2025\/01\/team1-1-200x200.png 200w, https:\/\/ocq.mx\/wp-content\/uploads\/2025\/01\/team1-1.png 300w\" sizes=\"(max-width: 1000px) 100vw, 300px\" \/><\/span><\/div><\/div><div class=\"fusion-text fusion-text-12\"><h4 style=\"text-align: center;\">Mar\u00eda Dolores Romero P\u00e9rez<\/h4>\n<\/div><div class=\"fusion-sep-clear\"><\/div><div class=\"fusion-separator\" style=\"margin-left: auto;margin-right: auto;margin-top:0px;margin-bottom:30px;width:100%;max-width:60px;\"><div class=\"fusion-separator-border sep-single sep-solid\" style=\"--awb-height:20px;--awb-amount:20px;--awb-sep-color:#ff0045;border-color:#ff0045;border-top-width:1px;\"><\/div><\/div><div class=\"fusion-sep-clear\"><\/div><div class=\"fusion-text fusion-text-13\"><p class=\"m_-8378004363420396992MsoListParagraph\"><span style=\"vertical-align: inherit;\"><span style=\"vertical-align: inherit;\"><span style=\"vertical-align: inherit;\"><span style=\"vertical-align: inherit;\">La doctora Mar\u00eda Dolores Romero P\u00e9rez es egresada de la Universidad Nacional Aut\u00f3noma de M\u00e9xico (UNAM), actualmente se desempe\u00f1a en la Facultad de Contadur\u00eda y Administraci\u00f3n (FCA)\u00a0 <\/span><\/span><\/span><\/span><span style=\"vertical-align: inherit;\"><span style=\"vertical-align: inherit;\"><span style=\"vertical-align: inherit;\"><span style=\"vertical-align: inherit;\">como Profesora de Carrera Titular C de tiempo completo definitivo, en el \u00e1rea de Human\u00edstica-\u00a0 <\/span><\/span><\/span><\/span><span style=\"vertical-align: inherit;\"><span style=\"vertical-align: inherit;\"><span style=\"vertical-align: inherit;\"><span style=\"vertical-align: inherit;\">Recursos Humanos, y jefa del Departamento de Nombramientos de Carrera. Tiene el nivel C de\u00a0 <\/span><\/span><\/span><\/span><span style=\"vertical-align: inherit;\"><span style=\"vertical-align: inherit;\"><span style=\"vertical-align: inherit;\"><span style=\"vertical-align: inherit;\">est\u00edmulo en el Programa de Primas al Desempe\u00f1o del Personal Acad\u00e9mico de Tiempo Completo y es\u00a0 <\/span><\/span><\/span><\/span><span style=\"vertical-align: inherit;\"><span style=\"vertical-align: inherit;\"><span style=\"vertical-align: inherit;\"><span style=\"vertical-align: inherit;\">Candidata a Investigadora del Sistema Nacional de Investigadores de CONAHCYT. Cuenta con las\u00a0 <\/span><\/span><\/span><\/span><span style=\"vertical-align: inherit;\"><span style=\"vertical-align: inherit;\"><span style=\"vertical-align: inherit;\"><span style=\"vertical-align: inherit;\">certificaciones de competencia laboral CONOCER-2004 y refrendo de Certificaci\u00f3n Acad\u00e9mica emitida\u00a0 <\/span><\/span><\/span><\/span><span style=\"vertical-align: inherit;\"><span style=\"vertical-align: inherit;\"><span style=\"vertical-align: inherit;\"><span style=\"vertical-align: inherit;\">por la Coordinaci\u00f3n Nacional de la Academia de la Asociaci\u00f3n Nacional de Facultades y Escuelas en\u00a0 <\/span><\/span><\/span><\/span><span style=\"vertical-align: inherit;\"><span style=\"vertical-align: inherit;\"><span style=\"vertical-align: inherit;\"><span style=\"vertical-align: inherit;\">Contadur\u00eda y Administraci\u00f3n (ANFECA), distinguida por haber obtenido el mayor puntaje.<\/span><\/span><\/span><\/span><\/p>\n<p><span style=\"vertical-align: inherit;\"><span style=\"vertical-align: inherit;\"><span style=\"vertical-align: inherit;\"><span style=\"vertical-align: inherit;\">Acad\u00e9mica comprometida con la instituci\u00f3n, posee una antig\u00fcedad de 39 a\u00f1os en las que ha\u00a0 <\/span><\/span><\/span><\/span><span style=\"vertical-align: inherit;\"><span style=\"vertical-align: inherit;\"><span style=\"vertical-align: inherit;\"><span style=\"vertical-align: inherit;\">impartido asignaturas a nivel licenciatura y posgrado, en el \u00e1rea de recursos humanos y habilidades\u00a0 <\/span><\/span><\/span><\/span><span style=\"vertical-align: inherit;\"><span style=\"vertical-align: inherit;\"><span style=\"vertical-align: inherit;\"><span style=\"vertical-align: inherit;\">directivas, as\u00ed como m\u00f3dulos de diplomado de titulaci\u00f3n y recientemente, como parte del Programa\u00a0 <\/span><\/span><\/span><\/span><span style=\"vertical-align: inherit;\"><span style=\"vertical-align: inherit;\"><span style=\"vertical-align: inherit;\"><span style=\"vertical-align: inherit;\">General de Capacitaci\u00f3n para el Mejoramiento de las Actividades del Personal Acad\u00e9mico-\u00a0 <\/span><\/span><\/span><\/span><span style=\"vertical-align: inherit;\"><span style=\"vertical-align: inherit;\"><span style=\"vertical-align: inherit;\"><span style=\"vertical-align: inherit;\">Administrativo de la UNAM, imparti\u00f3 cursos para directivos de los nueve planteles de bachillerato y\u00a0<\/span><\/span><\/span><\/span><span style=\"vertical-align: inherit;\"><span style=\"vertical-align: inherit;\"><span style=\"vertical-align: inherit;\"><span style=\"vertical-align: inherit;\">cinco planteles del Colegio de Ciencias y Humanidades. Se ha actualizado de forma constante,\u00a0 <\/span><\/span><\/span><\/span><span style=\"vertical-align: inherit;\"><span style=\"vertical-align: inherit;\"><span style=\"vertical-align: inherit;\"><span style=\"vertical-align: inherit;\">cursando diplomados y cursos de actualizaci\u00f3n profesional, did\u00e1ctica y pedag\u00f3gica.<\/span><\/span><\/span><\/span><\/p>\n<p><span style=\"vertical-align: inherit;\"><span style=\"vertical-align: inherit;\"><span style=\"vertical-align: inherit;\"><span style=\"vertical-align: inherit;\">Actuando como responsable, dirigi\u00f3 y coordin\u00f3 dos grupos de trabajo del Programa de apoyo a\u00a0 <\/span><\/span><\/span><\/span><span style=\"vertical-align: inherit;\"><span style=\"vertical-align: inherit;\"><span style=\"vertical-align: inherit;\"><span style=\"vertical-align: inherit;\">proyectos para innovar y mejorar la educaci\u00f3n (PAPIME), del cual se derivaron productos acad\u00e9micos.\u00a0 <\/span><\/span><\/span><\/span><span style=\"vertical-align: inherit;\"><span style=\"vertical-align: inherit;\"><span style=\"vertical-align: inherit;\"><span style=\"vertical-align: inherit;\">Como actividades de divulgaci\u00f3n ha realizado como autora y coautora, diversos trabajos de\u00a0 <\/span><\/span><\/span><\/span><span style=\"vertical-align: inherit;\"><span style=\"vertical-align: inherit;\"><span style=\"vertical-align: inherit;\"><span style=\"vertical-align: inherit;\">investigaci\u00f3n arbitrados, publicados en memorias y revistas. Ha colaborado con cap\u00edtulos de libro para\u00a0 <\/span><\/span><\/span><\/span><span style=\"vertical-align: inherit;\"><span style=\"vertical-align: inherit;\"><span style=\"vertical-align: inherit;\"><span style=\"vertical-align: inherit;\">el Seminario Universitario de Emprendimiento Social, Administraci\u00f3n Sostenible y Formaci\u00f3n Integral <\/span><\/span><\/span><\/span><br \/>\n<span style=\"vertical-align: inherit;\"><span style=\"vertical-align: inherit;\"><span style=\"vertical-align: inherit;\"><span style=\"vertical-align: inherit;\">en los Niveles Medio Superior y Superior en la UNAM y el Seminario de Tecnolog\u00edas de Informaci\u00f3n y\u00a0 <\/span><\/span><\/span><\/span><span style=\"vertical-align: inherit;\"><span style=\"vertical-align: inherit;\"><span style=\"vertical-align: inherit;\"><span style=\"vertical-align: inherit;\">Comunicaci\u00f3n en las Organizaciones. Coordin\u00f3 el trabajo acad\u00e9mico de un equipo multidisciplinario\u00a0 <\/span><\/span><\/span><\/span><span style=\"vertical-align: inherit;\"><span style=\"vertical-align: inherit;\"><span style=\"vertical-align: inherit;\"><span style=\"vertical-align: inherit;\">que public\u00f3, un libro con la tem\u00e1tica de neurociencias en beneficio del desarrollo del talento humano y\u00a0 <\/span><\/span><\/span><\/span><span style=\"vertical-align: inherit;\"><span style=\"vertical-align: inherit;\"><span style=\"vertical-align: inherit;\"><span style=\"vertical-align: inherit;\">en 2023, desarroll\u00f3 en complemento, un libro de trabajo creativo con contenido para reforzamiento con\u00a0 <\/span><\/span><\/span><\/span><span style=\"vertical-align: inherit;\"><span style=\"vertical-align: inherit;\"><span style=\"vertical-align: inherit;\"><span style=\"vertical-align: inherit;\">actividades de ense\u00f1anza.<\/span><\/span><\/span><\/span><\/p>\n<p><span style=\"vertical-align: inherit;\"><span style=\"vertical-align: inherit;\">Ha tenido participaci\u00f3n en diversas ocasiones en los concursos internacionales de caso, obteniendo una menci\u00f3n especial, un primer lugar y un tercer lugar. En 2018, obtuvo el segundo lugar en la evaluaci\u00f3n del Comit\u00e9 Arbitral Internacional de la Asociaci\u00f3n Latinoamericana de Facultades y Escuelas de Contadur\u00eda y Administraci\u00f3n (ALAFEC) por la ponencia presentada y en 2016 el reconocimiento a la mejor ponencia presentado en el marco de la XV Asamblea General.<\/span><\/span><\/p>\n<p><span style=\"vertical-align: inherit;\"><span style=\"vertical-align: inherit;\">Ha publicado 25 art\u00edculos de divulgaci\u00f3n en la Revista de la Facultad, Emprendedores al Servicio de la Peque\u00f1a y Mediana Empresa y ha colaborado como coautora de material para docencia para el Sistema de Universidad Abierta y Educaci\u00f3n a Distancia. Entre sus trabajos de vinculaci\u00f3n ha participado como docente, ponente en cursos, conferencias y m\u00e9todos de caso para los Festivales Internacionales de la FCA.<\/span><\/span><\/p>\n<p><span style=\"vertical-align: inherit;\"><span style=\"vertical-align: inherit;\">En el rubro de formaci\u00f3n de recursos humanos ha dirigido tesis a nivel licenciatura y nivel maestr\u00eda, es tutora a nivel posgrado de trabajos de titulaci\u00f3n de becarios de la maestr\u00eda en Administraci\u00f3n del Sistema Nacional de Posgrado de CONHACYT. En este momento forma parte de dos comit\u00e9s del Programa de Doctorado en Ciencias de la Administraci\u00f3n, participando como tutor <\/span><\/span><br \/>\n<span style=\"vertical-align: inherit;\"><span style=\"vertical-align: inherit;\">de secundaria. Ha participado como sinodal en ex\u00e1menes profesionales a nivel licenciatura y nivel posgrado; participa como evaluador de aspirantes en el marco del proceso de admisi\u00f3n al Doctorado. Es comentarista y evaluadora de trabajos acad\u00e9micos en diversos coloquios doctorales nacionales e internacionales. Es tutora de un proyecto acad\u00e9mico del Subprograma de Incorporaci\u00f3n de J\u00f3venes de Carrera a la UNAM, ha asesorado m\u00e1s de 60 trabajos de alumnos de licenciatura que participaron en los diversos eventos y cert\u00e1menes acad\u00e9micos, en los que en 2022 y 2023 se han posicionado dentro de los tres primeros lugares.<\/span><\/span><\/p>\n<p><span style=\"vertical-align: inherit;\"><span style=\"vertical-align: inherit;\">Es integrante de la Academia de Recursos Humanos, colaborando en la revisi\u00f3n y actualizaci\u00f3n de los programas de las asignaturas, participa actualmente en los Seminarios de Teor\u00eda y T\u00e9cnicas de Administraci\u00f3n y en el Seminario Latinoamericano de Filosof\u00eda de la Administraci\u00f3n, es integrante de la Red de Programas Doctorales de la ALAFEC y del Claustro de Tutores del Doctorado en Ciencias de la Administraci\u00f3n, integrante activo de la Red Internacional de Investigadores en Mercadotecnia, participa en el cuerpo arbitral para dictamen de ponencias, integrante de los comit\u00e9s evaluadores de cert\u00e1menes acad\u00e9micos de estudiantes, integrante del Comit\u00e9 de elaboraci\u00f3n de r\u00fabricas evaluar para trabajos de investigaci\u00f3n del Certamen Acad\u00e9mico de Recursos Humanos y del Comit\u00e9 revisor de reactivos que integran el Examen General de Conocimientos.<\/span><\/span><\/p>\n<p><span style=\"vertical-align: inherit;\"><span style=\"vertical-align: inherit;\"><span style=\"vertical-align: inherit;\"><span style=\"vertical-align: inherit;\">Se desempe\u00f1a actualmente como coordinadora de la Comisi\u00f3n Dictaminadora de T\u00e9cnicos\u00a0 <\/span><\/span><\/span><\/span><span style=\"vertical-align: inherit;\"><span style=\"vertical-align: inherit;\"><span style=\"vertical-align: inherit;\"><span style=\"vertical-align: inherit;\">Acad\u00e9micos de la Facultad e integrante del comit\u00e9 de la facultad del Programa de Apoyos para la\u00a0 <\/span><\/span><\/span><\/span><span style=\"vertical-align: inherit;\"><span style=\"vertical-align: inherit;\"><span style=\"vertical-align: inherit;\"><span style=\"vertical-align: inherit;\">Superaci\u00f3n del Personal Acad\u00e9mico de la UNAM (PASPA).<\/span><\/span><\/span><\/span><\/p>\n<\/div><div class=\"fusion-clearfix\"><\/div><\/div><\/div><div class=\"fusion-layout-column fusion_builder_column fusion-builder-column-14 fusion_builder_column_1_6 1_6 fusion-one-sixth fusion-column-last fusion-column-inner-bg-wrapper\" style=\"--awb-padding-top:2%;--awb-padding-right:10px;--awb-padding-bottom:2%;--awb-padding-left:10px;--awb-inner-bg-size:cover;--awb-margin-top:0px;--awb-margin-bottom:0px;width:16.666666666667%;width:calc(16.666666666667% - ( ( 4% + 0px ) * 0.16666666666667 ) );\"><span class=\"fusion-column-inner-bg hover-type-zoomin\"><span class=\"fusion-column-anchor\" rel=\"noopener noreferrer\" target=\"_blank\"><span class=\"fusion-column-inner-bg-image\"><\/span><\/span><\/span><div class=\"fusion-column-wrapper fusion-flex-column-wrapper-legacy\"><div class=\"fusion-clearfix\"><\/div><\/div><\/div><div class=\"fusion-layout-column fusion_builder_column fusion-builder-column-15 fusion_builder_column_1_6 1_6 fusion-one-sixth fusion-column-first fusion-column-inner-bg-wrapper\" style=\"--awb-padding-top:2%;--awb-padding-right:10px;--awb-padding-bottom:2%;--awb-padding-left:10px;--awb-inner-bg-size:cover;--awb-margin-top:0px;--awb-margin-bottom:0px;width:16.666666666667%;width:calc(16.666666666667% - ( ( 0px ) * 0.16666666666667 ) );margin-right: 0px;\"><span class=\"fusion-column-inner-bg hover-type-zoomin\"><span class=\"fusion-column-anchor\" rel=\"noopener noreferrer\" target=\"_blank\"><span class=\"fusion-column-inner-bg-image\"><\/span><\/span><\/span><div class=\"fusion-column-wrapper fusion-flex-column-wrapper-legacy\"><div class=\"fusion-clearfix\"><\/div><\/div><\/div><\/div><\/div><div class=\"fusion-fullwidth fullwidth-box fusion-builder-row-5 nonhundred-percent-fullwidth non-hundred-percent-height-scrolling\" style=\"--awb-border-radius-top-left:0px;--awb-border-radius-top-right:0px;--awb-border-radius-bottom-right:0px;--awb-border-radius-bottom-left:0px;--awb-flex-wrap:wrap;\" ><div class=\"fusion-builder-row fusion-row\"><div class=\"fusion-layout-column fusion_builder_column fusion-builder-column-16 fusion_builder_column_1_6 1_6 fusion-one-sixth fusion-column-first\" style=\"--awb-bg-size:cover;width:16.666666666667%;width:calc(16.666666666667% - ( ( 4% + 0px ) * 0.16666666666667 ) );margin-right: 4%;\"><div class=\"fusion-column-wrapper fusion-flex-column-wrapper-legacy\"><div class=\"fusion-clearfix\"><\/div><\/div><\/div><div class=\"fusion-layout-column fusion_builder_column fusion-builder-column-17 fusion_builder_column_2_3 2_3 fusion-two-third fusion-column-inner-bg-wrapper\" style=\"--awb-padding-top:2%;--awb-padding-right:10px;--awb-padding-bottom:2%;--awb-padding-left:10px;--awb-inner-bg-size:cover;--awb-margin-top:0px;--awb-margin-bottom:0px;width:66.666666666667%;width:calc(66.666666666667% - ( ( 4% + 0px ) * 0.66666666666667 ) );margin-right: 0px;\"><span class=\"fusion-column-inner-bg hover-type-zoomin\"><span class=\"fusion-column-anchor\" rel=\"noopener noreferrer\" target=\"_blank\"><span class=\"fusion-column-inner-bg-image\"><\/span><\/span><\/span><div class=\"fusion-column-wrapper fusion-flex-column-wrapper-legacy\"><div class=\"fusion-image-element fusion-image-align-center in-legacy-container\" style=\"text-align:center;--awb-caption-title-font-family:var(--h2_typography-font-family);--awb-caption-title-font-weight:var(--h2_typography-font-weight);--awb-caption-title-font-style:var(--h2_typography-font-style);--awb-caption-title-size:var(--h2_typography-font-size);--awb-caption-title-transform:var(--h2_typography-text-transform);--awb-caption-title-line-height:var(--h2_typography-line-height);--awb-caption-title-letter-spacing:var(--h2_typography-letter-spacing);\"><div class=\"imageframe-align-center\"><span class=\"fusion-imageframe imageframe-none imageframe-5 hover-type-none\"><img decoding=\"async\" width=\"300\" height=\"300\" title=\"team2\" src=\"http:\/\/ocq.mx\/wp-content\/uploads\/2025\/01\/team2-1.png\" alt class=\"img-responsive wp-image-3029\" srcset=\"https:\/\/ocq.mx\/wp-content\/uploads\/2025\/01\/team2-1-200x200.png 200w, https:\/\/ocq.mx\/wp-content\/uploads\/2025\/01\/team2-1.png 300w\" sizes=\"(max-width: 1000px) 100vw, 300px\" \/><\/span><\/div><\/div><div class=\"fusion-text fusion-text-14\"><h4 style=\"text-align: center;\">Dr. Gabino Garc\u00eda Tapia<\/h4>\n<\/div><div class=\"fusion-sep-clear\"><\/div><div class=\"fusion-separator\" style=\"margin-left: auto;margin-right: auto;margin-top:0px;margin-bottom:30px;width:100%;max-width:60px;\"><div class=\"fusion-separator-border sep-single sep-solid\" style=\"--awb-height:20px;--awb-amount:20px;--awb-sep-color:#ff0045;border-color:#ff0045;border-top-width:1px;\"><\/div><\/div><div class=\"fusion-sep-clear\"><\/div><div class=\"fusion-text fusion-text-15\"><p><span style=\"vertical-align: inherit;\"><span style=\"vertical-align: inherit;\"><span style=\"vertical-align: inherit;\"><span style=\"vertical-align: inherit;\"><span style=\"vertical-align: inherit;\"><span style=\"vertical-align: inherit;\">El Doctor Gabino Garc\u00eda Tapia es Licenciado en Administraci\u00f3n, Maestro en Administraci\u00f3n de\u00a0 <\/span><\/span><\/span><\/span><\/span><\/span><span style=\"vertical-align: inherit;\"><span style=\"vertical-align: inherit;\"><span style=\"vertical-align: inherit;\"><span style=\"vertical-align: inherit;\"><span style=\"vertical-align: inherit;\"><span style=\"vertical-align: inherit;\">Sistemas de Salud y Doctor en Ciencias de la Administraci\u00f3n por la Universidad Nacional\u00a0 <\/span><\/span><\/span><\/span><\/span><\/span><span style=\"vertical-align: inherit;\"><span style=\"vertical-align: inherit;\"><span style=\"vertical-align: inherit;\"><span style=\"vertical-align: inherit;\"><span style=\"vertical-align: inherit;\"><span style=\"vertical-align: inherit;\">Aut\u00f3noma de M\u00e9xico, UNAM. Ingres\u00f3 a la Facultad de Contadur\u00eda y Administraci\u00f3n hace 29\u00a0 <\/span><\/span><\/span><\/span><\/span><\/span><span style=\"vertical-align: inherit;\"><span style=\"vertical-align: inherit;\"><span style=\"vertical-align: inherit;\"><span style=\"vertical-align: inherit;\"><span style=\"vertical-align: inherit;\"><span style=\"vertical-align: inherit;\">a\u00f1os, habiendo trabajado en ella durante los \u00faltimos 19, cumpliendo de forma destacada las <\/span><\/span><\/span><\/span><\/span><\/span><br \/>\n<span style=\"vertical-align: inherit;\"><span style=\"vertical-align: inherit;\"><span style=\"vertical-align: inherit;\"><span style=\"vertical-align: inherit;\"><span style=\"vertical-align: inherit;\"><span style=\"vertical-align: inherit;\">funciones encomendadas. Actualmente es Profesor de Carrera Titular C de Tiempo Completo\u00a0 <\/span><\/span><\/span><\/span><\/span><\/span><span style=\"vertical-align: inherit;\"><span style=\"vertical-align: inherit;\"><span style=\"vertical-align: inherit;\"><span style=\"vertical-align: inherit;\"><span style=\"vertical-align: inherit;\"><span style=\"vertical-align: inherit;\">Definitivo.<\/span><\/span><\/span><\/span><\/span><\/span><\/p>\n<p><span style=\"vertical-align: inherit;\"><span style=\"vertical-align: inherit;\"><span style=\"vertical-align: inherit;\"><span style=\"vertical-align: inherit;\"><span style=\"vertical-align: inherit;\"><span style=\"vertical-align: inherit;\">Ha dirigido m\u00e1s de 79 trabajos de investigaci\u00f3n para la obtenci\u00f3n del grado de maestr\u00eda y\u00a0 <\/span><\/span><\/span><\/span><\/span><\/span><span style=\"vertical-align: inherit;\"><span style=\"vertical-align: inherit;\"><span style=\"vertical-align: inherit;\"><span style=\"vertical-align: inherit;\"><span style=\"vertical-align: inherit;\"><span style=\"vertical-align: inherit;\">doctorado contribuyendo de forma notable a la formaci\u00f3n de recursos humanos.<\/span><\/span><\/span><\/span><\/span><\/span><\/p>\n<p><span style=\"vertical-align: inherit;\"><span style=\"vertical-align: inherit;\"><span style=\"vertical-align: inherit;\"><span style=\"vertical-align: inherit;\"><span style=\"vertical-align: inherit;\"><span style=\"vertical-align: inherit;\">Profesionalmente se ha desempe\u00f1ado como asesor del Director General de Administraci\u00f3n del\u00a0 <\/span><\/span><\/span><\/span><\/span><\/span><span style=\"vertical-align: inherit;\"><span style=\"vertical-align: inherit;\"><span style=\"vertical-align: inherit;\"><span style=\"vertical-align: inherit;\"><span style=\"vertical-align: inherit;\"><span style=\"vertical-align: inherit;\">Instituto de Seguridad y Servicios Sociales de los Trabajadores del Estado (ISSSTE). En la\u00a0 <\/span><\/span><\/span><\/span><\/span><\/span><span style=\"vertical-align: inherit;\"><span style=\"vertical-align: inherit;\"><span style=\"vertical-align: inherit;\"><span style=\"vertical-align: inherit;\"><span style=\"vertical-align: inherit;\"><span style=\"vertical-align: inherit;\">Universidad Nacional ha sido coordinador de proyectos de investigaci\u00f3n para la Coordinaci\u00f3n de\u00a0 <\/span><\/span><\/span><\/span><\/span><\/span><span style=\"vertical-align: inherit;\"><span style=\"vertical-align: inherit;\"><span style=\"vertical-align: inherit;\"><span style=\"vertical-align: inherit;\"><span style=\"vertical-align: inherit;\"><span style=\"vertical-align: inherit;\">Estudios de Posgrado, coordinador acad\u00e9mico del Centro de Excelencia Empresarial,\u00a0 <\/span><\/span><\/span><\/span><\/span><\/span><span style=\"vertical-align: inherit;\"><span style=\"vertical-align: inherit;\"><span style=\"vertical-align: inherit;\"><span style=\"vertical-align: inherit;\"><span style=\"vertical-align: inherit;\"><span style=\"vertical-align: inherit;\">subcoordinador de la Maestr\u00eda en Administraci\u00f3n de Sistemas de Salud y presidente del Comit\u00e9\u00a0 <\/span><\/span><\/span><\/span><\/span><\/span><span style=\"vertical-align: inherit;\"><span style=\"vertical-align: inherit;\"><span style=\"vertical-align: inherit;\"><span style=\"vertical-align: inherit;\"><span style=\"vertical-align: inherit;\"><span style=\"vertical-align: inherit;\">Organizador del Primer Congreso Internacional de Administraci\u00f3n de Sistemas de Salud.<\/span><\/span><\/span><\/span><\/span><\/span><\/p>\n<p><span style=\"vertical-align: inherit;\"><span style=\"vertical-align: inherit;\"><span style=\"vertical-align: inherit;\"><span style=\"vertical-align: inherit;\"><span style=\"vertical-align: inherit;\"><span style=\"vertical-align: inherit;\">Su perfil con una l\u00ednea de investigaci\u00f3n principal orientada hacia las problem\u00e1ticas actuales de la\u00a0 <\/span><\/span><\/span><\/span><\/span><\/span><span style=\"vertical-align: inherit;\"><span style=\"vertical-align: inherit;\"><span style=\"vertical-align: inherit;\"><span style=\"vertical-align: inherit;\"><span style=\"vertical-align: inherit;\"><span style=\"vertical-align: inherit;\">administraci\u00f3n de los sistemas de salud y varias l\u00edneas secundarias entre las que destaca la\u00a0 <\/span><\/span><\/span><\/span><\/span><\/span><span style=\"vertical-align: inherit;\"><span style=\"vertical-align: inherit;\"><span style=\"vertical-align: inherit;\"><span style=\"vertical-align: inherit;\"><span style=\"vertical-align: inherit;\"><span style=\"vertical-align: inherit;\">responsabilidad social en salud, lo llev\u00f3 a ser aceptado como Investigador Nacional Nivel I en el\u00a0 <\/span><\/span><\/span><\/span><\/span><\/span><span style=\"vertical-align: inherit;\"><span style=\"vertical-align: inherit;\"><span style=\"vertical-align: inherit;\"><span style=\"vertical-align: inherit;\"><span style=\"vertical-align: inherit;\"><span style=\"vertical-align: inherit;\">Sistema Nacional de Investigadores del CONAHCYT ya acceder a la C\u00e1tedra Especial \u201cFernando\u00a0 <\/span><\/span><\/span><\/span><\/span><\/span><span style=\"vertical-align: inherit;\"><span style=\"vertical-align: inherit;\"><span style=\"vertical-align: inherit;\"><span style=\"vertical-align: inherit;\"><span style=\"vertical-align: inherit;\"><span style=\"vertical-align: inherit;\">Diez Barroso\u201d en la UNAM. Su inter\u00e9s por la investigaci\u00f3n se observa claramente en la\u00a0 <\/span><\/span><\/span><\/span><\/span><\/span><span style=\"vertical-align: inherit;\"><span style=\"vertical-align: inherit;\"><span style=\"vertical-align: inherit;\"><span style=\"vertical-align: inherit;\"><span style=\"vertical-align: inherit;\"><span style=\"vertical-align: inherit;\">realizaci\u00f3n de una estancia postdoctoral en el Instituto de Iberoam\u00e9rica de la Universidad de\u00a0 <\/span><\/span><\/span><\/span><\/span><\/span><span style=\"vertical-align: inherit;\"><span style=\"vertical-align: inherit;\"><span style=\"vertical-align: inherit;\"><span style=\"vertical-align: inherit;\"><span style=\"vertical-align: inherit;\"><span style=\"vertical-align: inherit;\">Salamanca, Espa\u00f1a, con el proyecto de investigaci\u00f3n: Responsabilidad Social Empresarial y\u00a0 <\/span><\/span><\/span><\/span><\/span><\/span><span style=\"vertical-align: inherit;\"><span style=\"vertical-align: inherit;\"><span style=\"vertical-align: inherit;\"><span style=\"vertical-align: inherit;\"><span style=\"vertical-align: inherit;\"><span style=\"vertical-align: inherit;\">Salud: Espa\u00f1a \u2013 M\u00e9xico. Adem\u00e1s de la realizaci\u00f3n de una estancia de investigaci\u00f3n en la Escuela\u00a0 <\/span><\/span><\/span><\/span><\/span><\/span><span style=\"vertical-align: inherit;\"><span style=\"vertical-align: inherit;\"><span style=\"vertical-align: inherit;\"><span style=\"vertical-align: inherit;\"><span style=\"vertical-align: inherit;\"><span style=\"vertical-align: inherit;\">Nacional de Salud P\u00fablica de la Rep\u00fablica de Cuba analizando la tem\u00e1tica de econom\u00eda y salud.\u00a0 <\/span><\/span><\/span><\/span><\/span><\/span><span style=\"vertical-align: inherit;\"><span style=\"vertical-align: inherit;\"><span style=\"vertical-align: inherit;\"><span style=\"vertical-align: inherit;\"><span style=\"vertical-align: inherit;\"><span style=\"vertical-align: inherit;\">Posteriormente fue acreedor de una beca del Programa de Becas para Investigadores sobre China\u00a0 <\/span><\/span><\/span><\/span><\/span><\/span><span style=\"vertical-align: inherit;\"><span style=\"vertical-align: inherit;\"><span style=\"vertical-align: inherit;\"><span style=\"vertical-align: inherit;\"><span style=\"vertical-align: inherit;\"><span style=\"vertical-align: inherit;\">del Centro de Estudios China-M\u00e9xico, con el proyecto de investigaci\u00f3n: La Direcci\u00f3n del Sistema\u00a0 <\/span><\/span><\/span><\/span><\/span><\/span><span style=\"vertical-align: inherit;\"><span style=\"vertical-align: inherit;\"><span style=\"vertical-align: inherit;\"><span style=\"vertical-align: inherit;\"><span style=\"vertical-align: inherit;\"><span style=\"vertical-align: inherit;\">de Salud de China y su relaci\u00f3n con M\u00e9xico. As\u00ed mismo, fue colaborador del Programa de Apoyo\u00a0 <\/span><\/span><\/span><\/span><\/span><\/span><span style=\"vertical-align: inherit;\"><span style=\"vertical-align: inherit;\"><span style=\"vertical-align: inherit;\"><span style=\"vertical-align: inherit;\"><span style=\"vertical-align: inherit;\"><span style=\"vertical-align: inherit;\">a Proyectos para Innovar y Mejorar la Educaci\u00f3n (PAPIME), con el proyecto PE304522:\u00a0 <\/span><\/span><\/span><\/span><\/span><\/span><span style=\"vertical-align: inherit;\"><span style=\"vertical-align: inherit;\"><span style=\"vertical-align: inherit;\"><span style=\"vertical-align: inherit;\"><span style=\"vertical-align: inherit;\"><span style=\"vertical-align: inherit;\">Responsabilidad Social Empresarial en materia de salud en beneficio del talento humano.<\/span><\/span><\/span><\/span><\/span><\/span><\/p>\n<p><span style=\"vertical-align: inherit;\"><span style=\"vertical-align: inherit;\"><span style=\"vertical-align: inherit;\"><span style=\"vertical-align: inherit;\"><span style=\"vertical-align: inherit;\"><span style=\"vertical-align: inherit;\">Adem\u00e1s se destaca su participaci\u00f3n institucional en cuerpos colegiados como el Consejo\u00a0 <\/span><\/span><\/span><\/span><\/span><\/span><span style=\"vertical-align: inherit;\"><span style=\"vertical-align: inherit;\"><span style=\"vertical-align: inherit;\"><span style=\"vertical-align: inherit;\"><span style=\"vertical-align: inherit;\"><span style=\"vertical-align: inherit;\">T\u00e9cnico de la Facultad de Contadur\u00eda y Administraci\u00f3n, el Consejo de Posgrado, el Comit\u00e9\u00a0 <\/span><\/span><\/span><\/span><\/span><\/span><span style=\"vertical-align: inherit;\"><span style=\"vertical-align: inherit;\"><span style=\"vertical-align: inherit;\"><span style=\"vertical-align: inherit;\"><span style=\"vertical-align: inherit;\"><span style=\"vertical-align: inherit;\">Acad\u00e9mico del Programa de Posgrado en Ciencias de la Administraci\u00f3n y el Consejo Acad\u00e9mico\u00a0 <\/span><\/span><\/span><\/span><\/span><\/span><span style=\"vertical-align: inherit;\"><span style=\"vertical-align: inherit;\"><span style=\"vertical-align: inherit;\"><span style=\"vertical-align: inherit;\"><span style=\"vertical-align: inherit;\"><span style=\"vertical-align: inherit;\">del \u00e1rea de las Ciencias Sociales, todos ellos en la UNAM. As\u00ed mismo, forma parte de la Comisi\u00f3n <\/span><\/span><\/span><\/span><\/span><\/span><br \/>\n<span style=\"vertical-align: inherit;\"><span style=\"vertical-align: inherit;\"><span style=\"vertical-align: inherit;\"><span style=\"vertical-align: inherit;\"><span style=\"vertical-align: inherit;\"><span style=\"vertical-align: inherit;\">Dictaminadora de Ciencias Administrativas de la Facultad de Estudios Superiores Cuautitl\u00e1n, de\u00a0 <\/span><\/span><\/span><\/span><\/span><\/span><span style=\"vertical-align: inherit;\"><span style=\"vertical-align: inherit;\"><span style=\"vertical-align: inherit;\"><span style=\"vertical-align: inherit;\"><span style=\"vertical-align: inherit;\"><span style=\"vertical-align: inherit;\">la Comisi\u00f3n Evaluadora Local del Programa de Primas al Desempe\u00f1o del Personal Acad\u00e9mico\u00a0 <\/span><\/span><\/span><\/span><\/span><\/span><span style=\"vertical-align: inherit;\"><span style=\"vertical-align: inherit;\"><span style=\"vertical-align: inherit;\"><span style=\"vertical-align: inherit;\"><span style=\"vertical-align: inherit;\"><span style=\"vertical-align: inherit;\">de Tiempo Completo de la Facultad de Derecho de la UNAM y del Consejo T\u00e9cnico del Proceso\u00a0 <\/span><\/span><\/span><\/span><\/span><\/span><span style=\"vertical-align: inherit;\"><span style=\"vertical-align: inherit;\"><span style=\"vertical-align: inherit;\"><span style=\"vertical-align: inherit;\"><span style=\"vertical-align: inherit;\"><span style=\"vertical-align: inherit;\">para la Acreditaci\u00f3n de Conocimientos a Nivel Licenciatura del Centro Nacional de Evaluaci\u00f3n <\/span><\/span><\/span><\/span><\/span><\/span><br \/>\n<span style=\"vertical-align: inherit;\"><span style=\"vertical-align: inherit;\"><span style=\"vertical-align: inherit;\"><span style=\"vertical-align: inherit;\"><span style=\"vertical-align: inherit;\"><span style=\"vertical-align: inherit;\">para la Educaci\u00f3n Superior, CENEVAL, AC<\/span><\/span><\/span><\/span><\/span><\/span><\/p>\n<p><span style=\"vertical-align: inherit;\"><span style=\"vertical-align: inherit;\"><span style=\"vertical-align: inherit;\"><span style=\"vertical-align: inherit;\"><span style=\"vertical-align: inherit;\"><span style=\"vertical-align: inherit;\">Cuenta con una amplia experiencia en el trabajo con grupos y equipos de investigaci\u00f3n multi,\u00a0 <\/span><\/span><\/span><\/span><\/span><\/span><span style=\"vertical-align: inherit;\"><span style=\"vertical-align: inherit;\"><span style=\"vertical-align: inherit;\"><span style=\"vertical-align: inherit;\"><span style=\"vertical-align: inherit;\"><span style=\"vertical-align: inherit;\">inter y transdisciplinarios en posiciones de liderazgo, con inter\u00e9s especial por impulsar la\u00a0 <\/span><\/span><\/span><\/span><\/span><\/span><span style=\"vertical-align: inherit;\"><span style=\"vertical-align: inherit;\"><span style=\"vertical-align: inherit;\"><span style=\"vertical-align: inherit;\"><span style=\"vertical-align: inherit;\"><span style=\"vertical-align: inherit;\">generaci\u00f3n de conocimiento original y su transferencia, lo que se refleja en una extensa\u00a0 <\/span><\/span><\/span><\/span><\/span><\/span><span style=\"vertical-align: inherit;\"><span style=\"vertical-align: inherit;\"><span style=\"vertical-align: inherit;\"><span style=\"vertical-align: inherit;\"><span style=\"vertical-align: inherit;\"><span style=\"vertical-align: inherit;\">productividad que incluye libros, cap\u00edtulos de libro, art\u00edculos de investigaci\u00f3n cient\u00edfica y de\u00a0 <\/span><\/span><\/span><\/span><\/span><\/span><span style=\"vertical-align: inherit;\"><span style=\"vertical-align: inherit;\"><span style=\"vertical-align: inherit;\"><span style=\"vertical-align: inherit;\"><span style=\"vertical-align: inherit;\"><span style=\"vertical-align: inherit;\">difusi\u00f3n, ponencias en congresos nacionales e internacionales y conferencias diversas, todo ello\u00a0 <\/span><\/span><\/span><\/span><\/span><\/span><span style=\"vertical-align: inherit;\"><span style=\"vertical-align: inherit;\"><span style=\"vertical-align: inherit;\"><span style=\"vertical-align: inherit;\"><span style=\"vertical-align: inherit;\"><span style=\"vertical-align: inherit;\">en torno a las l\u00edneas de investigaci\u00f3n previamente mencionadas.<\/span><\/span><\/span><\/span><\/span><\/span><\/p>\n<p><span style=\"vertical-align: inherit;\"><span style=\"vertical-align: inherit;\"><span style=\"vertical-align: inherit;\"><span style=\"vertical-align: inherit;\"><span style=\"vertical-align: inherit;\"><span style=\"vertical-align: inherit;\">Actualmente sus l\u00edneas de doctorado se encuentran orientadas a la responsabilidad\u00a0 <\/span><\/span><\/span><\/span><\/span><\/span><span style=\"vertical-align: inherit;\"><span style=\"vertical-align: inherit;\"><span style=\"vertical-align: inherit;\"><span style=\"vertical-align: inherit;\"><span style=\"vertical-align: inherit;\"><span style=\"vertical-align: inherit;\">social empresarial, la administraci\u00f3n de sistemas de salud, el comportamiento humano en las\u00a0 <\/span><\/span><\/span><\/span><\/span><\/span><span style=\"vertical-align: inherit;\"><span style=\"vertical-align: inherit;\"><span style=\"vertical-align: inherit;\"><span style=\"vertical-align: inherit;\"><span style=\"vertical-align: inherit;\"><span style=\"vertical-align: inherit;\">organizaciones y el liderazgo y la direcci\u00f3n.<\/span><\/span><\/span><\/span><\/span><\/span><\/p>\n<\/div><div class=\"fusion-clearfix\"><\/div><\/div><\/div><div class=\"fusion-layout-column fusion_builder_column fusion-builder-column-18 fusion_builder_column_1_6 1_6 fusion-one-sixth fusion-column-last fusion-column-inner-bg-wrapper\" style=\"--awb-padding-top:2%;--awb-padding-right:10px;--awb-padding-bottom:2%;--awb-padding-left:10px;--awb-inner-bg-size:cover;--awb-margin-top:0px;--awb-margin-bottom:0px;width:16.666666666667%;width:calc(16.666666666667% - ( ( 4% + 0px ) * 0.16666666666667 ) );\"><span class=\"fusion-column-inner-bg hover-type-zoomin\"><span class=\"fusion-column-anchor\" rel=\"noopener noreferrer\" target=\"_blank\"><span class=\"fusion-column-inner-bg-image\"><\/span><\/span><\/span><div class=\"fusion-column-wrapper fusion-flex-column-wrapper-legacy\"><div class=\"fusion-clearfix\"><\/div><\/div><\/div><div class=\"fusion-layout-column fusion_builder_column fusion-builder-column-19 fusion_builder_column_1_6 1_6 fusion-one-sixth fusion-column-first fusion-column-inner-bg-wrapper\" style=\"--awb-padding-top:2%;--awb-padding-right:10px;--awb-padding-bottom:2%;--awb-padding-left:10px;--awb-inner-bg-size:cover;--awb-margin-top:0px;--awb-margin-bottom:0px;width:16.666666666667%;width:calc(16.666666666667% - ( ( 0px ) * 0.16666666666667 ) );margin-right: 0px;\"><span class=\"fusion-column-inner-bg hover-type-zoomin\"><span class=\"fusion-column-anchor\" rel=\"noopener noreferrer\" target=\"_blank\"><span class=\"fusion-column-inner-bg-image\"><\/span><\/span><\/span><div class=\"fusion-column-wrapper fusion-flex-column-wrapper-legacy\"><div class=\"fusion-clearfix\"><\/div><\/div><\/div><\/div><\/div><div class=\"fusion-fullwidth fullwidth-box fusion-builder-row-6 nonhundred-percent-fullwidth non-hundred-percent-height-scrolling\" style=\"--awb-border-radius-top-left:0px;--awb-border-radius-top-right:0px;--awb-border-radius-bottom-right:0px;--awb-border-radius-bottom-left:0px;--awb-flex-wrap:wrap;\" ><div class=\"fusion-builder-row fusion-row\"><div class=\"fusion-layout-column fusion_builder_column fusion-builder-column-20 fusion_builder_column_1_6 1_6 fusion-one-sixth fusion-column-first\" style=\"--awb-bg-size:cover;width:16.666666666667%;width:calc(16.666666666667% - ( ( 4% + 0px ) * 0.16666666666667 ) );margin-right: 4%;\"><div class=\"fusion-column-wrapper fusion-flex-column-wrapper-legacy\"><div class=\"fusion-clearfix\"><\/div><\/div><\/div><div class=\"fusion-layout-column fusion_builder_column fusion-builder-column-21 fusion_builder_column_2_3 2_3 fusion-two-third fusion-column-inner-bg-wrapper\" style=\"--awb-padding-top:2%;--awb-padding-right:10px;--awb-padding-bottom:2%;--awb-padding-left:10px;--awb-inner-bg-size:cover;--awb-margin-top:0px;--awb-margin-bottom:0px;width:66.666666666667%;width:calc(66.666666666667% - ( ( 4% + 0px ) * 0.66666666666667 ) );margin-right: 0px;\"><span class=\"fusion-column-inner-bg hover-type-zoomin\"><span class=\"fusion-column-anchor\" rel=\"noopener noreferrer\" target=\"_blank\"><span class=\"fusion-column-inner-bg-image\"><\/span><\/span><\/span><div class=\"fusion-column-wrapper fusion-flex-column-wrapper-legacy\"><div class=\"fusion-image-element fusion-image-align-center in-legacy-container\" style=\"text-align:center;--awb-caption-title-font-family:var(--h2_typography-font-family);--awb-caption-title-font-weight:var(--h2_typography-font-weight);--awb-caption-title-font-style:var(--h2_typography-font-style);--awb-caption-title-size:var(--h2_typography-font-size);--awb-caption-title-transform:var(--h2_typography-text-transform);--awb-caption-title-line-height:var(--h2_typography-line-height);--awb-caption-title-letter-spacing:var(--h2_typography-letter-spacing);\"><div class=\"imageframe-align-center\"><span class=\"fusion-imageframe imageframe-none imageframe-6 hover-type-none\"><img decoding=\"async\" width=\"300\" height=\"300\" title=\"team2-quienes\" src=\"http:\/\/ocq.mx\/wp-content\/uploads\/2025\/03\/team2-quienes.png\" alt class=\"img-responsive wp-image-3071\" srcset=\"https:\/\/ocq.mx\/wp-content\/uploads\/2025\/03\/team2-quienes-200x200.png 200w, https:\/\/ocq.mx\/wp-content\/uploads\/2025\/03\/team2-quienes.png 300w\" sizes=\"(max-width: 1000px) 100vw, 300px\" \/><\/span><\/div><\/div><div class=\"fusion-text fusion-text-16\"><h4 style=\"text-align: center;\">Claudia Ivonne Hern\u00e1ndez Torres<\/h4>\n<\/div><div class=\"fusion-sep-clear\"><\/div><div class=\"fusion-separator\" style=\"margin-left: auto;margin-right: auto;margin-top:0px;margin-bottom:30px;width:100%;max-width:60px;\"><div class=\"fusion-separator-border sep-single sep-solid\" style=\"--awb-height:20px;--awb-amount:20px;--awb-sep-color:#ff0045;border-color:#ff0045;border-top-width:1px;\"><\/div><\/div><div class=\"fusion-sep-clear\"><\/div><div class=\"fusion-text fusion-text-17\"><p>Licenciatura en Ciencias de la Comunicaci\u00f3n, Universidad Lasallista Benavente, Celaya, Gto. Maestrante en Comunicaci\u00f3n por la Universidad Nacional Aut\u00f3noma de M\u00e9xico (UNAM)<\/p>\n<div dir=\"auto\">Directora del Sistema Estatal de Comunicaci\u00f3n Cultural y Educativa (SECCE) Radio y Televisi\u00f3n Quer\u00e9taro Titular y coordinadora general de noticiarios como: Meganoticias, Megacable, Imagen 94.7, Respuesta Radiof\u00f3nica, As\u00ed Sucede, Radar 107.5, Noticias RTQ, Radio y Televisi\u00f3n de Guanajuato, Corporaci\u00f3n Celaya de Radiodifusi\u00f3n, entre otros.<\/div>\n<div dir=\"auto\">Jefa de Difusi\u00f3n Institucional, Comunicaci\u00f3n Social en Municipio de Quer\u00e9taro y USEBEQ.<\/div>\n<div dir=\"auto\">Productora de espacios informativos, musicales y de g\u00e9nero.<\/div>\n<div dir=\"auto\"><\/div>\n<div dir=\"auto\">Maestra de Liceo Estudios Superiores y Tecnol\u00f3gico de Monterrey Campus Quer\u00e9taro. Maestra de la Universidad Aut\u00f3noma de Quer\u00e9taro.<\/div>\n<div dir=\"auto\"><\/div>\n<div dir=\"auto\">\n<div dir=\"auto\">Analista en espacios informativos como Causa y Efecto.<\/div>\n<div dir=\"auto\">Titular de Voces, espacio radiof\u00f3nico de an\u00e1lisis y periodismo de investigaci\u00f3n en el 89.5, radiof\u00f3nico UAQ.<\/div>\n<div dir=\"auto\">Socia fundadora de la agencia de contenidos D-aPie.<\/div>\n<\/div>\n<div dir=\"auto\"><\/div>\n<div dir=\"auto\">Actualmente, coordinadora general del 850 de amplitud modulada, Radio Universidad Sierra Gorda.<\/div>\n<div dir=\"auto\"><\/div>\n<div dir=\"auto\">\n<div dir=\"auto\">Productora ejecutiva de series documentales como:<\/div>\n<div dir=\"auto\">Miradas sin filtro, UpDown, Desde la Orilla, H\u00e9roes An\u00f3nimos, Magiando, Solo gente.<\/div>\n<\/div>\n<\/div><div class=\"fusion-clearfix\"><\/div><\/div><\/div><div class=\"fusion-layout-column fusion_builder_column fusion-builder-column-22 fusion_builder_column_1_6 1_6 fusion-one-sixth fusion-column-last fusion-column-inner-bg-wrapper\" style=\"--awb-padding-top:2%;--awb-padding-right:10px;--awb-padding-bottom:2%;--awb-padding-left:10px;--awb-inner-bg-size:cover;--awb-margin-top:0px;--awb-margin-bottom:0px;width:16.666666666667%;width:calc(16.666666666667% - ( ( 4% + 0px ) * 0.16666666666667 ) );\"><span class=\"fusion-column-inner-bg hover-type-zoomin\"><span class=\"fusion-column-anchor\" rel=\"noopener noreferrer\" target=\"_blank\"><span class=\"fusion-column-inner-bg-image\"><\/span><\/span><\/span><div class=\"fusion-column-wrapper fusion-flex-column-wrapper-legacy\"><div class=\"fusion-clearfix\"><\/div><\/div><\/div><div class=\"fusion-layout-column fusion_builder_column fusion-builder-column-23 fusion_builder_column_1_6 1_6 fusion-one-sixth fusion-column-first fusion-column-inner-bg-wrapper\" style=\"--awb-padding-top:2%;--awb-padding-right:10px;--awb-padding-bottom:2%;--awb-padding-left:10px;--awb-inner-bg-size:cover;--awb-margin-top:0px;--awb-margin-bottom:0px;width:16.666666666667%;width:calc(16.666666666667% - ( ( 0px ) * 0.16666666666667 ) );margin-right: 0px;\"><span class=\"fusion-column-inner-bg hover-type-zoomin\"><span class=\"fusion-column-anchor\" rel=\"noopener noreferrer\" target=\"_blank\"><span class=\"fusion-column-inner-bg-image\"><\/span><\/span><\/span><div class=\"fusion-column-wrapper fusion-flex-column-wrapper-legacy\"><div class=\"fusion-clearfix\"><\/div><\/div><\/div><\/div><\/div><div class=\"fusion-fullwidth fullwidth-box fusion-builder-row-7 nonhundred-percent-fullwidth non-hundred-percent-height-scrolling\" style=\"--awb-border-radius-top-left:0px;--awb-border-radius-top-right:0px;--awb-border-radius-bottom-right:0px;--awb-border-radius-bottom-left:0px;--awb-flex-wrap:wrap;\" ><div class=\"fusion-builder-row fusion-row\"><div class=\"fusion-layout-column fusion_builder_column fusion-builder-column-24 fusion_builder_column_1_6 1_6 fusion-one-sixth fusion-column-first\" style=\"--awb-bg-size:cover;width:16.666666666667%;width:calc(16.666666666667% - ( ( 4% + 4% ) * 0.16666666666667 ) );margin-right: 4%;\"><div class=\"fusion-column-wrapper fusion-flex-column-wrapper-legacy\"><div class=\"fusion-clearfix\"><\/div><\/div><\/div><div class=\"fusion-layout-column fusion_builder_column fusion-builder-column-25 fusion_builder_column_2_3 2_3 fusion-two-third\" style=\"--awb-bg-size:cover;width:66.666666666667%;width:calc(66.666666666667% - ( ( 4% + 4% ) * 0.66666666666667 ) );margin-right: 4%;\"><div class=\"fusion-column-wrapper fusion-flex-column-wrapper-legacy\"><div class=\"fusion-text fusion-text-18\"><h3 style=\"text-align: center;\">Enlace y Vinculaci\u00f3n<\/h3>\n<\/div><div class=\"fusion-sep-clear\"><\/div><div class=\"fusion-separator\" style=\"margin-left: auto;margin-right: auto;margin-top:15px;margin-bottom:35px;width:100%;max-width:170px;\"><div class=\"fusion-separator-border sep-single sep-solid\" style=\"--awb-height:20px;--awb-amount:20px;--awb-sep-color:#ff0045;border-color:#ff0045;border-top-width:1px;\"><\/div><\/div><div class=\"fusion-sep-clear\"><\/div><div class=\"fusion-clearfix\"><\/div><\/div><\/div><div class=\"fusion-layout-column fusion_builder_column fusion-builder-column-26 fusion_builder_column_1_6 1_6 fusion-one-sixth fusion-column-last\" style=\"--awb-bg-size:cover;width:16.666666666667%;width:calc(16.666666666667% - ( ( 4% + 4% ) * 0.16666666666667 ) );\"><div class=\"fusion-column-wrapper fusion-flex-column-wrapper-legacy\"><div class=\"fusion-clearfix\"><\/div><\/div><\/div><div class=\"fusion-layout-column fusion_builder_column fusion-builder-column-27 fusion_builder_column_1_6 1_6 fusion-one-sixth fusion-column-first fusion-column-inner-bg-wrapper\" style=\"--awb-padding-top:2%;--awb-padding-right:10px;--awb-padding-bottom:2%;--awb-padding-left:10px;--awb-inner-bg-size:cover;--awb-margin-top:0px;--awb-margin-bottom:0px;width:16.666666666667%;width:calc(16.666666666667% - ( ( 0px + 0px ) * 0.16666666666667 ) );margin-right: 0px;\"><span class=\"fusion-column-inner-bg hover-type-zoomin\"><span class=\"fusion-column-anchor\" rel=\"noopener noreferrer\" target=\"_blank\"><span class=\"fusion-column-inner-bg-image\"><\/span><\/span><\/span><div class=\"fusion-column-wrapper fusion-flex-column-wrapper-legacy\"><div class=\"fusion-clearfix\"><\/div><\/div><\/div><div class=\"fusion-layout-column fusion_builder_column fusion-builder-column-28 fusion_builder_column_2_3 2_3 fusion-two-third fusion-column-inner-bg-wrapper\" style=\"--awb-padding-top:2%;--awb-padding-right:10px;--awb-padding-bottom:2%;--awb-padding-left:10px;--awb-inner-bg-size:cover;--awb-margin-top:0px;--awb-margin-bottom:0px;width:66.666666666667%;width:calc(66.666666666667% - ( ( 0px + 0px ) * 0.66666666666667 ) );margin-right: 0px;\"><span class=\"fusion-column-inner-bg hover-type-zoomin\"><span class=\"fusion-column-anchor\" rel=\"noopener noreferrer\" target=\"_blank\"><span class=\"fusion-column-inner-bg-image\"><\/span><\/span><\/span><div class=\"fusion-column-wrapper fusion-flex-column-wrapper-legacy\"><div class=\"fusion-text fusion-text-19\"><h4 style=\"text-align: center;\">Gabriela Ortega<\/h4>\n<\/div><div class=\"fusion-sep-clear\"><\/div><div class=\"fusion-separator\" style=\"margin-left: auto;margin-right: auto;margin-top:0px;margin-bottom:30px;width:100%;max-width:60px;\"><div class=\"fusion-separator-border sep-single sep-solid\" style=\"--awb-height:20px;--awb-amount:20px;--awb-sep-color:#ff0045;border-color:#ff0045;border-top-width:1px;\"><\/div><\/div><div class=\"fusion-sep-clear\"><\/div><div class=\"fusion-clearfix\"><\/div><\/div><\/div><div class=\"fusion-layout-column fusion_builder_column fusion-builder-column-29 fusion_builder_column_1_6 1_6 fusion-one-sixth fusion-column-last fusion-column-inner-bg-wrapper\" style=\"--awb-padding-top:2%;--awb-padding-right:10px;--awb-padding-bottom:2%;--awb-padding-left:10px;--awb-inner-bg-size:cover;--awb-margin-top:0px;--awb-margin-bottom:0px;width:16.666666666667%;width:calc(16.666666666667% - ( ( 0px + 0px ) * 0.16666666666667 ) );\"><span class=\"fusion-column-inner-bg hover-type-zoomin\"><span class=\"fusion-column-anchor\" rel=\"noopener noreferrer\" target=\"_blank\"><span class=\"fusion-column-inner-bg-image\"><\/span><\/span><\/span><div class=\"fusion-column-wrapper fusion-flex-column-wrapper-legacy\"><div class=\"fusion-clearfix\"><\/div><\/div><\/div><\/div><\/div><div class=\"fusion-fullwidth fullwidth-box fusion-builder-row-8 nonhundred-percent-fullwidth non-hundred-percent-height-scrolling\" style=\"--awb-border-radius-top-left:0px;--awb-border-radius-top-right:0px;--awb-border-radius-bottom-right:0px;--awb-border-radius-bottom-left:0px;--awb-flex-wrap:wrap;\" ><div class=\"fusion-builder-row fusion-row\"><div class=\"fusion-layout-column fusion_builder_column fusion-builder-column-30 fusion_builder_column_1_1 1_1 fusion-one-full fusion-column-first fusion-column-last\" style=\"--awb-bg-size:cover;\"><div class=\"fusion-column-wrapper fusion-flex-column-wrapper-legacy\"><div class=\"fusion-text fusion-text-20\"><h2 style=\"text-align: center;\"><strong>ADVISORS<\/strong><\/h2>\n<\/div><div class=\"fusion-image-carousel fusion-image-carousel-fixed fusion-image-carousel-1\"><div class=\"awb-carousel awb-swiper awb-swiper-carousel awb-carousel--carousel awb-swiper-dots-position-bottom\" data-layout=\"carousel\" data-autoplay=\"yes\" data-autoplayspeed=\"2500\" data-autoplaypause=\"no\" data-loop=\"yes\" data-columns=\"5\" data-columnsmedium=\"1\" data-columnssmall=\"1\" data-itemmargin=\"13\" data-itemwidth=\"180\" data-touchscroll=\"no\" data-freemode=\"no\" data-imagesize=\"fixed\" data-scrollitems=\"0\" data-centeredslides=\"no\" data-rotationangle=\"50\" data-depth=\"100\" data-speed=\"500\" data-shadow=\"no\" data-pagination=\"bullets\"><div class=\"swiper-wrapper awb-image-carousel-wrapper fusion-flex-align-items-center\"><div class=\"swiper-slide\"><div class=\"fusion-carousel-item-wrapper\"><div class=\"fusion-image-wrapper hover-type-zoomin\"><img decoding=\"async\" width=\"320\" height=\"202\" src=\"https:\/\/ocq.mx\/wp-content\/uploads\/2018\/04\/univa-400x205-320x202.png\" class=\"attachment-blog-medium size-blog-medium\" alt=\"\" \/><\/div><\/div><\/div><div class=\"swiper-slide\"><div class=\"fusion-carousel-item-wrapper\"><div class=\"fusion-image-wrapper hover-type-zoomin\"><img decoding=\"async\" width=\"320\" height=\"202\" src=\"https:\/\/ocq.mx\/wp-content\/uploads\/2018\/04\/tec_monterrey-400x205-320x202.png\" class=\"attachment-blog-medium size-blog-medium\" alt=\"\" \/><\/div><\/div><\/div><div class=\"swiper-slide\"><div class=\"fusion-carousel-item-wrapper\"><div class=\"fusion-image-wrapper hover-type-zoomin\"><img decoding=\"async\" width=\"315\" height=\"160\" src=\"https:\/\/ocq.mx\/wp-content\/uploads\/2024\/03\/images.png\" class=\"attachment-blog-medium size-blog-medium\" alt=\"\" srcset=\"https:\/\/ocq.mx\/wp-content\/uploads\/2024\/03\/images-200x102.png 200w, https:\/\/ocq.mx\/wp-content\/uploads\/2024\/03\/images.png 315w\" sizes=\"(min-width: 2200px) 100vw, (min-width: 1008px) 246px, (min-width: 916px) 307px, (min-width: 824px) 409px, (min-width: 732px) 614px, (min-width: 640px) 732px, \" \/><\/div><\/div><\/div><div class=\"swiper-slide\"><div class=\"fusion-carousel-item-wrapper\"><div class=\"fusion-image-wrapper hover-type-zoomin\"><img decoding=\"async\" width=\"320\" height=\"202\" src=\"https:\/\/ocq.mx\/wp-content\/uploads\/2022\/10\/laotrabandita-320x202.jpg\" class=\"attachment-blog-medium size-blog-medium\" alt=\"\" \/><\/div><\/div><\/div><div class=\"swiper-slide\"><div class=\"fusion-carousel-item-wrapper\"><div class=\"fusion-image-wrapper hover-type-zoomin\"><img decoding=\"async\" width=\"320\" height=\"202\" src=\"https:\/\/ocq.mx\/wp-content\/uploads\/2024\/12\/pedagogos-320x202.png\" class=\"attachment-blog-medium size-blog-medium\" alt=\"\" \/><\/div><\/div><\/div><\/div><div class=\"awb-swiper-button awb-swiper-button-prev\"><i class=\"awb-icon-angle-left\" aria-hidden=\"true\"><\/i><\/div><div class=\"awb-swiper-button awb-swiper-button-next\"><i class=\"awb-icon-angle-right\" aria-hidden=\"true\"><\/i><\/div><\/div><\/div><div class=\"fusion-clearfix\"><\/div><\/div><\/div><\/div><\/div><div class=\"fusion-fullwidth fullwidth-box fusion-builder-row-9 nonhundred-percent-fullwidth non-hundred-percent-height-scrolling\" style=\"--awb-border-radius-top-left:0px;--awb-border-radius-top-right:0px;--awb-border-radius-bottom-right:0px;--awb-border-radius-bottom-left:0px;--awb-flex-wrap:wrap;\" ><div class=\"fusion-builder-row fusion-row\"><div class=\"fusion-layout-column fusion_builder_column fusion-builder-column-31 fusion_builder_column_1_1 1_1 fusion-one-full fusion-column-first fusion-column-last\" style=\"--awb-bg-size:cover;\"><div class=\"fusion-column-wrapper fusion-flex-column-wrapper-legacy\"><div class=\"fusion-text fusion-text-21\"><h2 style=\"text-align: center;\"><strong>Aliados Estrat\u00e9gicos<\/strong><\/h2>\n<\/div><div class=\"fusion-clearfix\"><\/div><\/div><\/div><div class=\"fusion-layout-column fusion_builder_column fusion-builder-column-32 fusion_builder_column_1_3 1_3 fusion-one-third fusion-column-first\" style=\"--awb-bg-size:cover;width:33.333333333333%;width:calc(33.333333333333% - ( ( 4% + 4% ) * 0.33333333333333 ) );margin-right: 4%;\"><div class=\"fusion-column-wrapper fusion-flex-column-wrapper-legacy\"><div class=\"fusion-clearfix\"><\/div><\/div><\/div><div class=\"fusion-layout-column fusion_builder_column fusion-builder-column-33 fusion_builder_column_1_3 1_3 fusion-one-third\" style=\"--awb-bg-size:cover;width:33.333333333333%;width:calc(33.333333333333% - ( ( 4% + 4% ) * 0.33333333333333 ) );margin-right: 4%;\"><div class=\"fusion-column-wrapper fusion-flex-column-wrapper-legacy\"><div class=\"fusion-image-element fusion-image-align-center in-legacy-container\" style=\"text-align:center;--awb-caption-title-font-family:var(--h2_typography-font-family);--awb-caption-title-font-weight:var(--h2_typography-font-weight);--awb-caption-title-font-style:var(--h2_typography-font-style);--awb-caption-title-size:var(--h2_typography-font-size);--awb-caption-title-transform:var(--h2_typography-text-transform);--awb-caption-title-line-height:var(--h2_typography-line-height);--awb-caption-title-letter-spacing:var(--h2_typography-letter-spacing);\"><div class=\"imageframe-align-center\"><span class=\"fusion-imageframe imageframe-none imageframe-7 hover-type-none fusion-animated\" data-animationtype=\"fadeInLeft\" data-animationduration=\"0.3\" data-animationoffset=\"top-into-view\"><img decoding=\"async\" width=\"400\" height=\"205\" title=\"laotrabandita\" src=\"http:\/\/ocq.mx\/wp-content\/uploads\/2022\/10\/laotrabandita.jpg\" alt class=\"img-responsive wp-image-2787\" srcset=\"https:\/\/ocq.mx\/wp-content\/uploads\/2022\/10\/laotrabandita-200x103.jpg 200w, https:\/\/ocq.mx\/wp-content\/uploads\/2022\/10\/laotrabandita.jpg 400w\" sizes=\"(max-width: 1000px) 100vw, 400px\" \/><\/span><\/div><\/div><div class=\"fusion-title title fusion-title-1 fusion-sep-none fusion-title-center fusion-title-text fusion-title-size-four\" style=\"--awb-margin-top-small:10px;--awb-margin-right-small:0px;--awb-margin-bottom-small:10px;--awb-margin-left-small:0px;\"><h4 class=\"fusion-title-heading title-heading-center fusion-responsive-typography-calculated\" style=\"margin:0;--fontSize:15;--minFontSize:15;line-height:1.67;\"><p style=\"text-align: center;\">La Otra Bandita<\/p><\/h4><\/div><div class=\"fusion-clearfix\"><\/div><\/div><\/div><div class=\"fusion-layout-column fusion_builder_column fusion-builder-column-34 fusion_builder_column_1_3 1_3 fusion-one-third fusion-column-last\" style=\"--awb-bg-size:cover;width:33.333333333333%;width:calc(33.333333333333% - ( ( 4% + 4% ) * 0.33333333333333 ) );\"><div class=\"fusion-column-wrapper fusion-flex-column-wrapper-legacy\"><div class=\"fusion-clearfix\"><\/div><\/div><\/div><\/div><\/div><div class=\"fusion-fullwidth fullwidth-box fusion-builder-row-10 nonhundred-percent-fullwidth non-hundred-percent-height-scrolling\" style=\"--awb-border-radius-top-left:0px;--awb-border-radius-top-right:0px;--awb-border-radius-bottom-right:0px;--awb-border-radius-bottom-left:0px;--awb-padding-top:40px;--awb-padding-right:10px;--awb-padding-bottom:40px;--awb-margin-top:10px;--awb-margin-bottom:0px;--awb-background-color:#000000;--awb-flex-wrap:wrap;\" ><div class=\"fusion-builder-row fusion-row\"><div class=\"fusion-layout-column fusion_builder_column fusion-builder-column-35 fusion_builder_column_1_1 1_1 fusion-one-full fusion-column-first fusion-column-last\" style=\"--awb-bg-size:cover;\"><div class=\"fusion-column-wrapper fusion-flex-column-wrapper-legacy\"><div class=\"fusion-builder-row fusion-builder-row-inner fusion-row\"><div class=\"fusion-layout-column fusion_builder_column_inner fusion-builder-nested-column-0 fusion_builder_column_inner_1_3 1_3 fusion-one-third fusion-column-first\" style=\"--awb-bg-size:cover;width:33.333333333333%;width:calc(33.333333333333% - ( ( 4% + 4% + 4% ) * 0.33333333333333 ) );margin-right: 4%;\"><div class=\"fusion-column-wrapper fusion-flex-column-wrapper-legacy\"><div class=\"fusion-sep-clear\"><\/div><div class=\"fusion-separator fusion-full-width-sep\" style=\"margin-left: auto;margin-right: auto;margin-top:60px;width:100%;\"><\/div><div class=\"fusion-sep-clear\"><\/div><div class=\"fusion-image-element in-legacy-container\" style=\"--awb-caption-title-font-family:var(--h2_typography-font-family);--awb-caption-title-font-weight:var(--h2_typography-font-weight);--awb-caption-title-font-style:var(--h2_typography-font-style);--awb-caption-title-size:var(--h2_typography-font-size);--awb-caption-title-transform:var(--h2_typography-text-transform);--awb-caption-title-line-height:var(--h2_typography-line-height);--awb-caption-title-letter-spacing:var(--h2_typography-letter-spacing);\"><span class=\"fusion-imageframe imageframe-none imageframe-8 hover-type-none logo_ocq_blanco\"><img decoding=\"async\" width=\"1876\" height=\"896\" title=\"White Logo\" src=\"http:\/\/ocq.mx\/wp-content\/uploads\/2022\/10\/Logo-Blanco.png\" alt class=\"img-responsive wp-image-2700\" srcset=\"https:\/\/ocq.mx\/wp-content\/uploads\/2022\/10\/Logo-Blanco-200x96.png 200w, https:\/\/ocq.mx\/wp-content\/uploads\/2022\/10\/Logo-Blanco-400x191.png 400w, https:\/\/ocq.mx\/wp-content\/uploads\/2022\/10\/Logo-Blanco-600x287.png 600w, https:\/\/ocq.mx\/wp-content\/uploads\/2022\/10\/Logo-Blanco-800x382.png 800w, https:\/\/ocq.mx\/wp-content\/uploads\/2022\/10\/Logo-Blanco-1200x573.png 1200w, https:\/\/ocq.mx\/wp-content\/uploads\/2022\/10\/Logo-Blanco.png 1876w\" sizes=\"(max-width: 1000px) 100vw, 400px\" \/><\/span><\/div><div class=\"fusion-clearfix\"><\/div><\/div><\/div><div class=\"fusion-layout-column fusion_builder_column_inner fusion-builder-nested-column-1 fusion_builder_column_inner_1_6 1_6 fusion-one-sixth\" style=\"--awb-bg-size:cover;width:16.666666666667%;width:calc(16.666666666667% - ( ( 4% + 4% + 4% ) * 0.16666666666667 ) );margin-right: 4%;\"><div class=\"fusion-column-wrapper fusion-flex-column-wrapper-legacy\"><div class=\"fusion-clearfix\"><\/div><\/div><\/div><div class=\"fusion-layout-column fusion_builder_column_inner fusion-builder-nested-column-2 fusion_builder_column_inner_1_4 1_4 fusion-one-fourth\" style=\"--awb-bg-size:cover;width:25%;width:calc(25% - ( ( 4% + 4% + 4% ) * 0.25 ) );margin-right: 4%;\"><div class=\"fusion-column-wrapper fusion-flex-column-wrapper-legacy\"><div class=\"fusion-title title fusion-title-2 fusion-sep-none fusion-title-text fusion-title-size-four\" style=\"--awb-margin-top-small:10px;--awb-margin-right-small:0px;--awb-margin-bottom-small:10px;--awb-margin-left-small:0px;\"><h4 class=\"fusion-title-heading title-heading-left fusion-responsive-typography-calculated\" style=\"margin:0;--fontSize:15;--minFontSize:15;line-height:1.67;\"><h4 style=\"color: #ffffff; text-align: left;\"><strong>Get involved<\/strong><\/h4><\/h4><\/div><div class=\"fusion-title title fusion-title-3 fusion-sep-none fusion-title-text fusion-title-size-six\" style=\"--awb-margin-top-small:10px;--awb-margin-right-small:0px;--awb-margin-bottom-small:10px;--awb-margin-left-small:0px;\"><h6 class=\"fusion-title-heading title-heading-left fusion-responsive-typography-calculated\" style=\"margin:0;--fontSize:14;--minFontSize:14;line-height:2.14;\"><table>\n<tbody>\n<tr>\n<th style=\"text-align: center; padding: 0px;\" width=\"50\"><a href=\"tel:222 94 31\"><img decoding=\"async\" class=\"size-full wp-image-2668 icon_footer alignleft\" src=\"http:\/\/ocq.mx\/wp-content\/uploads\/2022\/10\/phone-01.png\" alt=\"\" width=\"50%\" srcset=\"https:\/\/ocq.mx\/wp-content\/uploads\/2022\/10\/phone-01-66x66.png 66w, https:\/\/ocq.mx\/wp-content\/uploads\/2022\/10\/phone-01-150x150.png 150w, https:\/\/ocq.mx\/wp-content\/uploads\/2022\/10\/phone-01.png 174w\" sizes=\"(max-width: 174px) 100vw, 174px\" \/><\/a><\/th>\n<th width=\"100\">\n<p style=\"color: #ffffff; text-align: left;\">222 94 31<\/p>\n<\/th>\n<\/tr>\n<tr>\n<th style=\"text-align: center; padding: 0px;\" width=\"10\"><a href=\"mailto:info@ocq.mx\"><img decoding=\"async\" class=\"size-full wp-image-2668 icon_footer alignleft\" src=\"http:\/\/ocq.mx\/wp-content\/uploads\/2022\/10\/mail-02.png\" alt=\"\" width=\"50%\" \/><\/a><\/th>\n<th width=\"20\">\n<p style=\"color: #ffffff; text-align: left;\"><a href=\"mailto:info@ocq.mx\"><span style=\"font-weight: 400;\">info@ocq.mx<\/span><\/a><\/p>\n<\/th>\n<\/tr>\n<tr>\n<th style=\"text-align: center; padding: 0px;\" width=\"10\"><a href=\"https:\/\/wa.me\/524424716675\"><img decoding=\"async\" class=\"size-full wp-image-2668 icon_footer alignleft\" src=\"http:\/\/ocq.mx\/wp-content\/uploads\/2022\/10\/whats-03.png\" alt=\"\" width=\"50%\" \/><\/a><\/th>\n<th width=\"20\">\n<p style=\"color: #ffffff; text-align: left;\"><span style=\"font-weight: 400;\">442 471 66 75 <\/span><\/p>\n<\/th>\n<\/tr>\n<\/tbody>\n<\/table><\/h6><\/div><div class=\"fusion-clearfix\"><\/div><\/div><\/div><div class=\"fusion-layout-column fusion_builder_column_inner fusion-builder-nested-column-3 fusion_builder_column_inner_1_4 1_4 fusion-one-fourth fusion-column-last\" style=\"--awb-bg-size:cover;width:25%;width:calc(25% - ( ( 4% + 4% + 4% ) * 0.25 ) );\"><div class=\"fusion-column-wrapper fusion-flex-column-wrapper-legacy\"><div class=\"fusion-title title fusion-title-4 fusion-sep-none fusion-title-text fusion-title-size-four\" style=\"--awb-margin-top-small:10px;--awb-margin-right-small:0px;--awb-margin-bottom-small:10px;--awb-margin-left-small:0px;\"><h4 class=\"fusion-title-heading title-heading-left fusion-responsive-typography-calculated\" style=\"margin:0;--fontSize:15;--minFontSize:15;line-height:1.67;\"><h4 style=\"color: #ffffff; text-align: left;\"><strong>Social Networking<\/strong><\/h4><\/h4><\/div><div class=\"fusion-social-links fusion-social-links-1\" style=\"--awb-margin-top:0px;--awb-margin-right:0px;--awb-margin-bottom:0px;--awb-margin-left:0px;--awb-box-border-top:0px;--awb-box-border-right:0px;--awb-box-border-bottom:0px;--awb-box-border-left:0px;--awb-icon-colors-hover:rgba(126,136,144,0.8);--awb-box-colors-hover:rgba(255,255,255,0.8);--awb-box-border-color:var(--awb-color3);--awb-box-border-color-hover:var(--awb-color4);\"><div class=\"fusion-social-networks color-type-custom\"><div class=\"fusion-social-networks-wrapper\"><a class=\"fusion-social-network-icon fusion-tooltip fusion-facebook awb-icon-facebook\" style=\"color:#ffffff;font-size:16px;\" data-placement=\"top\" data-title=\"Facebook\" data-toggle=\"tooltip\" title=\"Facebook\" aria-label=\"facebook\" target=\"_blank\" rel=\"noopener noreferrer\" href=\"https:\/\/www.facebook.com\/CiudadaniaOCQ\"><\/a><a class=\"fusion-social-network-icon fusion-tooltip fusion-instagram awb-icon-instagram\" style=\"color:#ffffff;font-size:16px;\" data-placement=\"top\" data-title=\"Instagram\" data-toggle=\"tooltip\" title=\"Instagram\" aria-label=\"instagram\" target=\"_blank\" rel=\"noopener noreferrer\" href=\"https:\/\/www.instagram.com\/ciudadaniaocq\/\"><\/a><a class=\"fusion-social-network-icon fusion-tooltip fusion-twitter awb-icon-twitter\" style=\"color:#ffffff;font-size:16px;\" data-placement=\"top\" data-title=\"X\" data-toggle=\"tooltip\" title=\"X\" aria-label=\"twitter\" target=\"_blank\" rel=\"noopener noreferrer\" href=\"https:\/\/twitter.com\/CiudadaniaOCQ\"><\/a><a class=\"fusion-social-network-icon fusion-tooltip fusion-linkedin awb-icon-linkedin\" style=\"color:#ffffff;font-size:16px;\" data-placement=\"top\" data-title=\"LinkedIn\" data-toggle=\"tooltip\" title=\"LinkedIn\" aria-label=\"linkedin\" target=\"_blank\" rel=\"noopener noreferrer\" href=\"https:\/\/www.linkedin.com\/company\/ciudadaniaocq\"><\/a><\/div><\/div><\/div><div class=\"fusion-clearfix\"><\/div><\/div><\/div><\/div><div class=\"fusion-clearfix\"><\/div><\/div><\/div><\/div><\/div><\/p>","protected":false},"excerpt":{"rendered":"","protected":false},"author":1,"featured_media":0,"parent":0,"menu_order":0,"comment_status":"closed","ping_status":"closed","template":"100-width.php","meta":{"_acf_changed":false,"footnotes":""},"class_list":["post-9","page","type-page","status-publish","hentry"],"acf":[],"_links":{"self":[{"href":"https:\/\/ocq.mx\/en\/wp-json\/wp\/v2\/pages\/9","targetHints":{"allow":["GET"]}}],"collection":[{"href":"https:\/\/ocq.mx\/en\/wp-json\/wp\/v2\/pages"}],"about":[{"href":"https:\/\/ocq.mx\/en\/wp-json\/wp\/v2\/types\/page"}],"author":[{"embeddable":true,"href":"https:\/\/ocq.mx\/en\/wp-json\/wp\/v2\/users\/1"}],"replies":[{"embeddable":true,"href":"https:\/\/ocq.mx\/en\/wp-json\/wp\/v2\/comments?post=9"}],"version-history":[{"count":95,"href":"https:\/\/ocq.mx\/en\/wp-json\/wp\/v2\/pages\/9\/revisions"}],"predecessor-version":[{"id":3075,"href":"https:\/\/ocq.mx\/en\/wp-json\/wp\/v2\/pages\/9\/revisions\/3075"}],"wp:attachment":[{"href":"https:\/\/ocq.mx\/en\/wp-json\/wp\/v2\/media?parent=9"}],"curies":[{"name":"wp","href":"https:\/\/api.w.org\/{rel}","templated":true}]}}